{"id":273993,"date":"2025-03-19T21:13:10","date_gmt":"2025-03-19T20:13:10","guid":{"rendered":"https:\/\/civiva.eu\/proyectos\/"},"modified":"2025-05-28T17:05:17","modified_gmt":"2025-05-28T15:05:17","slug":"proyectos","status":"publish","type":"page","link":"https:\/\/civiva.eu\/es\/proyectos\/","title":{"rendered":"proyectos"},"content":{"rendered":"<p>[et_pb_section fb_built=\u00bb1&#8243; custom_padding_last_edited=\u00bbon|phone\u00bb _builder_version=\u00bb4.27.4&#8243; _module_preset=\u00bbdefault\u00bb background_enable_image=\u00bboff\u00bb background_size=\u00bbcustom\u00bb background_image_width=\u00bb37%\u00bb background_position=\u00bbcenter_right\u00bb height_tablet=\u00bb100vh\u00bb height_phone=\u00bb100vh\u00bb height_last_edited=\u00bbon|phone\u00bb custom_margin_tablet=\u00bb\u00bb custom_margin_phone=\u00bb||-68px||false|false\u00bb custom_margin_last_edited=\u00bbon|phone\u00bb custom_padding=\u00bb||1px|||\u00bb custom_padding_tablet=\u00bb||1px|||\u00bb custom_padding_phone=\u00bb||0px||false|false\u00bb background_last_edited=\u00bbon|phone\u00bb background_enable_image_tablet=\u00bboff\u00bb background_enable_image_phone=\u00bboff\u00bb global_colors_info=\u00bb{}\u00bb][et_pb_row _builder_version=\u00bb4.27.4&#8243; _module_preset=\u00bbdefault\u00bb max_width=\u00bb1300px\u00bb global_colors_info=\u00bb{}\u00bb][et_pb_column type=\u00bb4_4&#8243; _builder_version=\u00bb4.27.4&#8243; _module_preset=\u00bbdefault\u00bb global_colors_info=\u00bb{}\u00bb][et_pb_image src=\u00bbhttps:\/\/civiva.eu\/wp-content\/uploads\/2025\/03\/Mesa-de-trabajo-2-8.png\u00bb title_text=\u00bbMesa de trabajo 2-8&#8243; url=\u00bb@ET-DC@eyJkeW5hbWljIjp0cnVlLCJjb250ZW50IjoiaG9tZV91cmwiLCJzZXR0aW5ncyI6eyJlbmFibGVfaHRtbCI6Im9mZiJ9fQ==@\u00bb _builder_version=\u00bb4.27.4&#8243; _dynamic_attributes=\u00bburl\u00bb _module_preset=\u00bbdefault\u00bb animation_style=\u00bbflip\u00bb animation_direction=\u00bbleft\u00bb global_colors_info=\u00bb{}\u00bb][\/et_pb_image][\/et_pb_column][\/et_pb_row][et_pb_row column_structure=\u00bb1_2,1_2&#8243; use_custom_gutter=\u00bbon\u00bb gutter_width=\u00bb1&#8243; make_equal=\u00bbon\u00bb _builder_version=\u00bb4.27.4&#8243; _module_preset=\u00bbdefault\u00bb width=\u00bb100%\u00bb max_width=\u00bb100%\u00bb custom_padding=\u00bb15px||0px||false|false\u00bb global_colors_info=\u00bb{}\u00bb][et_pb_column type=\u00bb1_2&#8243; _builder_version=\u00bb4.27.4&#8243; _module_preset=\u00bbdefault\u00bb background_color=\u00bb#FBE395&#8243; global_colors_info=\u00bb{}\u00bb][et_pb_text _builder_version=\u00bb4.27.4&#8243; _module_preset=\u00bbdefault\u00bb text_font=\u00bbMontserrat|700|||||||\u00bb text_text_color=\u00bb#000000&#8243; text_font_size=\u00bb35px\u00bb text_line_height=\u00bb1.4em\u00bb header_font=\u00bbMontserrat|700|||||||\u00bb header_text_color=\u00bb#000000&#8243; header_font_size=\u00bb35px\u00bb header_line_height=\u00bb1.2em\u00bb custom_margin=\u00bb77px|85px|32px|78px|false|false\u00bb custom_margin_tablet=\u00bb77px|85px|32px|78px|false|false\u00bb custom_margin_phone=\u00bb61px|30px|-34px|30px|false|true\u00bb custom_margin_last_edited=\u00bbon|desktop\u00bb animation_style=\u00bbslide\u00bb animation_direction=\u00bbbottom\u00bb text_font_size_tablet=\u00bb58px\u00bb text_font_size_phone=\u00bb25px\u00bb text_font_size_last_edited=\u00bbon|phone\u00bb header_font_size_tablet=\u00bb58px\u00bb header_font_size_phone=\u00bb25px\u00bb header_font_size_last_edited=\u00bbon|phone\u00bb global_colors_info=\u00bb{}\u00bb]<\/p>\n<h1>PROYECTOS<\/h1>\n<p>[\/et_pb_text][et_pb_text _builder_version=\u00bb4.27.4&#8243; _module_preset=\u00bbdefault\u00bb text_font=\u00bbMontserrat|700|||||||\u00bb text_text_color=\u00bb#000000&#8243; text_font_size=\u00bb31px\u00bb text_line_height=\u00bb1.4em\u00bb header_font=\u00bbMontserrat|700|||||||\u00bb header_text_color=\u00bb#000000&#8243; header_font_size=\u00bb35px\u00bb header_line_height=\u00bb1.2em\u00bb custom_margin=\u00bb77px|85px|32px|78px|false|false\u00bb custom_margin_tablet=\u00bb77px|85px|32px|78px|false|false\u00bb custom_margin_phone=\u00bb61px|30px|32px|30px|false|true\u00bb custom_margin_last_edited=\u00bbon|desktop\u00bb animation_style=\u00bbslide\u00bb animation_direction=\u00bbbottom\u00bb hover_enabled=\u00bb0&#8243; text_font_size_tablet=\u00bb58px\u00bb text_font_size_phone=\u00bb25px\u00bb text_font_size_last_edited=\u00bbon|phone\u00bb header_font_size_tablet=\u00bb58px\u00bb header_font_size_phone=\u00bb25px\u00bb header_font_size_last_edited=\u00bbon|phone\u00bb global_colors_info=\u00bb{}\u00bb sticky_enabled=\u00bb0&#8243;]<\/p>\n<p>C\u00cdVIVA afronta las casu\u00edsticas y complejidades de cada entorno mediante colaboraciones cercanas y recurrentes con profesionales de diversos \u00e1mbitos<\/p>\n<p>[\/et_pb_text][\/et_pb_column][et_pb_column type=\u00bb1_2&#8243; _builder_version=\u00bb4.27.4&#8243; _module_preset=\u00bbdefault\u00bb global_colors_info=\u00bb{}\u00bb][et_pb_image src=\u00bbhttps:\/\/civiva.eu\/wp-content\/uploads\/2025\/05\/CIVIVA-projectes_v2.gif\u00bb _builder_version=\u00bb4.27.4&#8243; _module_preset=\u00bbdefault\u00bb hover_enabled=\u00bb0&#8243; global_colors_info=\u00bb{}\u00bb title_text=\u00bbCIVIVA-proyectos_v2&#8243; sticky_enabled=\u00bb0&#8243;][\/et_pb_image][\/et_pb_column][\/et_pb_row][\/et_pb_section][et_pb_section fb_built=\u00bb1&#8243; _builder_version=\u00bb4.27.4&#8243; _module_preset=\u00bbdefault\u00bb custom_padding=\u00bb0px||0px||false|false\u00bb animation_style=\u00bbslide\u00bb animation_direction=\u00bbbottom\u00bb global_colors_info=\u00bb{}\u00bb][et_pb_row column_structure=\u00bb1_2,1_2&#8243; use_custom_gutter=\u00bbon\u00bb gutter_width=\u00bb1&#8243; make_equal=\u00bbon\u00bb _builder_version=\u00bb4.27.4&#8243; _module_preset=\u00bbdefault\u00bb width=\u00bb100%\u00bb max_width=\u00bb2560px\u00bb custom_margin=\u00bb-1px||0px||false|false\u00bb custom_padding=\u00bb0px||0px||false|false\u00bb global_colors_info=\u00bb{}\u00bb][et_pb_column type=\u00bb1_2&#8243; _builder_version=\u00bb4.27.4&#8243; _module_preset=\u00bbdefault\u00bb background_color=\u00bb#EDE6E1&#8243; custom_padding=\u00bb0px|100px||63px|false|false\u00bb custom_padding_tablet=\u00bb|70px||70px|false|true\u00bb custom_padding_phone=\u00bb|37px|42px|37px|false|true\u00bb custom_padding_last_edited=\u00bbon|desktop\u00bb global_colors_info=\u00bb{}\u00bb][et_pb_text _builder_version=\u00bb4.27.4&#8243; _module_preset=\u00bbdefault\u00bb text_font=\u00bbMontserrat|500|||||||\u00bb text_text_color=\u00bb#000000&#8243; text_font_size=\u00bb35px\u00bb text_line_height=\u00bb1.2em\u00bb header_font=\u00bbMontserrat|600|||||||\u00bb header_text_color=\u00bb#736F72&#8243; header_font_size=\u00bb58px\u00bb header_line_height=\u00bb1.2em\u00bb custom_margin=\u00bb103px||-16px||false|false\u00bb custom_margin_tablet=\u00bb103px||32px||false|false\u00bb custom_margin_phone=\u00bb102px||32px||false|false\u00bb custom_margin_last_edited=\u00bbon|phone\u00bb custom_padding=\u00bb||0px|||\u00bb hover_enabled=\u00bb0&#8243; text_font_size_tablet=\u00bb35px\u00bb text_font_size_phone=\u00bb25px\u00bb text_font_size_last_edited=\u00bbon|phone\u00bb text_line_height_tablet=\u00bb1.2em\u00bb text_line_height_phone=\u00bb1.3em\u00bb text_line_height_last_edited=\u00bbon|phone\u00bb header_font_size_tablet=\u00bb58px\u00bb header_font_size_phone=\u00bb47px\u00bb header_font_size_last_edited=\u00bbon|phone\u00bb global_colors_info=\u00bb{}\u00bb header_2_font=\u00bb|300|||||||\u00bb sticky_enabled=\u00bb0&#8243;]<\/p>\n<h2>ESTRATEGIA URBANA<\/h2>\n<p>[\/et_pb_text][et_pb_accordion _builder_version=\u00bb4.27.4&#8243; _module_preset=\u00bbdefault\u00bb custom_margin=\u00bb-34px||130px||false|false\u00bb hover_enabled=\u00bb0&#8243; global_colors_info=\u00bb{}\u00bb toggle_font=\u00bb|300|||||||\u00bb sticky_enabled=\u00bb0&#8243; body_font=\u00bb|300|||||||\u00bb][et_pb_accordion_item open=\u00bboff\u00bb icon_color=\u00bbRGBA(255,255,255,0)\u00bb _builder_version=\u00bb4.27.4&#8243; _module_preset=\u00bbdefault\u00bb background_color=\u00bbRGBA(255,255,255,0)\u00bb background_enable_color=\u00bbon\u00bb border_width_all=\u00bb0px\u00bb border_width_bottom=\u00bb1px\u00bb border_color_bottom=\u00bb#000000&#8243; global_colors_info=\u00bb{}\u00bb][\/et_pb_accordion_item][et_pb_accordion_item title=\u00bb01_PEMMS Torroella de Montgr\u00ed y Estartit\u00bb open_toggle_text_color=\u00bb#000000&#8243; icon_color=\u00bb#000000&#8243; toggle_icon=\u00bb&#x50;||divi||400&#8243; use_icon_font_size=\u00bbon\u00bb icon_font_size=\u00bb30px\u00bb _builder_version=\u00bb4.27.4&#8243; _dynamic_attributes=\u00bblink_option_url\u00bb _module_preset=\u00bbdefault\u00bb body_font=\u00bbMontserrat||||||||\u00bb body_text_color=\u00bb#000000&#8243; body_font_size=\u00bb16px\u00bb background_color=\u00bbRGBA(255,255,255,0)\u00bb background_enable_color=\u00bbon\u00bb text_orientation=\u00bbleft\u00bb link_option_url=\u00bb@ET-DC@eyJkeW5hbWljIjp0cnVlLCJjb250ZW50IjoicG9zdF9saW5rX3VybF9wb3N0Iiwic2V0dGluZ3MiOnsicG9zdF9pZCI6IjI3Mzc2MyIsImVuYWJsZV9odG1sIjoib2ZmIn19@\u00bb border_width_all=\u00bb0px\u00bb border_width_bottom=\u00bb1px\u00bb border_color_bottom=\u00bb#000000&#8243; global_colors_info=\u00bb{}\u00bb toggle_text_color=\u00bb#000000&#8243; toggle_font=\u00bbPoppins||||||||\u00bb toggle_font_size=\u00bb26px\u00bb toggle_line_height=\u00bb1.3em\u00bb toggle_font_size_tablet=\u00bb26px\u00bb toggle_font_size_phone=\u00bb20px\u00bb toggle_font_size_last_edited=\u00bbon|phone\u00bb open=\u00bbon\u00bb]<\/p>\n<p><img decoding=\"async\" data-src=\"https:\/\/civiva.eu\/wp-content\/uploads\/2025\/04\/ae%E2%95%A0Cria-300x201.jpg\" width=\"388\" height=\"260\" alt=\"\" class=\"wp-image-273746 alignnone size-medium lazyload\" src=\"data:image\/svg+xml;base64,PHN2ZyB3aWR0aD0iMSIgaGVpZ2h0PSIxIiB4bWxucz0iaHR0cDovL3d3dy53My5vcmcvMjAwMC9zdmciPjwvc3ZnPg==\" style=\"--smush-placeholder-width: 388px; --smush-placeholder-aspect-ratio: 388\/260;\"><\/p>\n<p>El municipio de Torroella de Montgr\u00ed y L&#8217;Estartit, caracterizado por un entorno natural diverso y un sistema de poblaci\u00f3n polic\u00e9ntrico, afronta retos derivados de una urbanizaci\u00f3n dispersa y la dependencia del veh\u00edculo privado. Esto ha supuesto problemas de congesti\u00f3n, accesibilidad y contaminaci\u00f3n, especialmente agravados durante la temporada tur\u00edstica. En este contexto, el PEMMS plantea una nueva forma de entender la movilidad, basada en la integraci\u00f3n de aspectos ambientales, paisaj\u00edsticos y sociales, evitando la necesidad de construir nuevas infraestructuras, como la variante de la C-31 en forma de nueva carretera por medio de la llanura agr\u00edcola.<\/p>\n<p>[\/et_pb_accordion_item][et_pb_accordion_item title=\u00bb02_PEMMS la Vall d&apos;en Bas\u00bb open_toggle_text_color=\u00bb#000000&#8243; icon_color=\u00bb#000000&#8243; toggle_icon=\u00bb&#x50;||divi||400&#8243; use_icon_font_size=\u00bbon\u00bb icon_font_size=\u00bb30px\u00bb _builder_version=\u00bb4.27.4&#8243; _dynamic_attributes=\u00bblink_option_url\u00bb _module_preset=\u00bbdefault\u00bb body_font=\u00bbMontserrat||||||||\u00bb body_text_color=\u00bb#000000&#8243; body_font_size=\u00bb16px\u00bb background_color=\u00bbRGBA(255,255,255,0)\u00bb background_enable_color=\u00bbon\u00bb text_orientation=\u00bbleft\u00bb link_option_url=\u00bb@ET-DC@eyJkeW5hbWljIjp0cnVlLCJjb250ZW50IjoicG9zdF9saW5rX3VybF9wb3N0Iiwic2V0dGluZ3MiOnsicG9zdF9pZCI6IjI3Mzc4OCIsImVuYWJsZV9odG1sIjoib2ZmIn19@\u00bb border_width_all=\u00bb0px\u00bb border_width_bottom=\u00bb1px\u00bb border_color_bottom=\u00bb#000000&#8243; global_colors_info=\u00bb{}\u00bb toggle_text_color=\u00bb#000000&#8243; toggle_font=\u00bbPoppins||||||||\u00bb toggle_font_size=\u00bb26px\u00bb toggle_line_height=\u00bb1.3em\u00bb toggle_font_size_tablet=\u00bb26px\u00bb toggle_font_size_phone=\u00bb20px\u00bb toggle_font_size_last_edited=\u00bbon|phone\u00bb open=\u00bboff\u00bb]<\/p>\n<p><img decoding=\"async\" data-src=\"https:\/\/civiva.eu\/wp-content\/uploads\/2025\/04\/CIVIVA-VALL-DEN-BAS-1-300x225.jpg\" width=\"330\" height=\"248\" alt=\"\" class=\"wp-image-273749 alignnone size-medium lazyload\" src=\"data:image\/svg+xml;base64,PHN2ZyB3aWR0aD0iMSIgaGVpZ2h0PSIxIiB4bWxucz0iaHR0cDovL3d3dy53My5vcmcvMjAwMC9zdmciPjwvc3ZnPg==\" style=\"--smush-placeholder-width: 330px; --smush-placeholder-aspect-ratio: 330\/248;\"><\/p>\n<p>El Plan Estrat\u00e9gico Municipal de Movilidad Sostenible (PEMMS) de la Vall d&#8217;en Bas establece las bases para transformar el municipio, caracterizado por su baja densidad, estructura polic\u00e9ntrica y dispersi\u00f3n territorial, hacia un modelo de movilidad activa y menos dependiente del coche privado. Este cambio resulta esencial para hacer frente a los retos derivados de la crisis ecol\u00f3gica y social.<\/p>\n<p>[\/et_pb_accordion_item][et_pb_accordion_item title=\u00bb03_Coordinaci\u00f3n de la integraci\u00f3n paisaj\u00edstica y medidas correctoras del proyecto constructivo de la variante de La Vall d&apos;en Bas \u2013 Les Preses &#8211; Olot\u00bb open_toggle_text_color=\u00bb#000000&#8243; icon_color=\u00bb#000000&#8243; toggle_icon=\u00bb&#x50;||divi||400&#8243; use_icon_font_size=\u00bbon\u00bb icon_font_size=\u00bb30px\u00bb _builder_version=\u00bb4.27.4&#8243; _module_preset=\u00bbdefault\u00bb body_font=\u00bbMontserrat||||||||\u00bb body_text_color=\u00bb#000000&#8243; body_font_size=\u00bb16px\u00bb background_color=\u00bbRGBA(255,255,255,0)\u00bb background_enable_color=\u00bbon\u00bb text_orientation=\u00bbleft\u00bb border_width_all=\u00bb0px\u00bb border_width_bottom=\u00bb1px\u00bb border_color_bottom=\u00bb#000000&#8243; global_colors_info=\u00bb{}\u00bb toggle_text_color=\u00bb#000000&#8243; toggle_font=\u00bbPoppins||||||||\u00bb toggle_font_size=\u00bb26px\u00bb toggle_line_height=\u00bb1.3em\u00bb toggle_font_size_tablet=\u00bb26px\u00bb toggle_font_size_phone=\u00bb20px\u00bb toggle_font_size_last_edited=\u00bbon|phone\u00bb open=\u00bboff\u00bb][\/et_pb_accordion_item][\/et_pb_accordion][\/et_pb_column][et_pb_column type=\u00bb1_2&#8243; _builder_version=\u00bb4.27.4&#8243; _module_preset=\u00bbdefault\u00bb background_enable_color=\u00bboff\u00bb custom_padding=\u00bb0px|100px|111px|63px|false|false\u00bb custom_padding_tablet=\u00bb|70px||70px|false|true\u00bb custom_padding_phone=\u00bb|37px|42px|37px|false|true\u00bb custom_padding_last_edited=\u00bbon|desktop\u00bb global_colors_info=\u00bb{}\u00bb][et_pb_text _builder_version=\u00bb4.27.4&#8243; _module_preset=\u00bbdefault\u00bb text_font=\u00bbMontserrat|500|||||||\u00bb text_text_color=\u00bb#000000&#8243; text_font_size=\u00bb35px\u00bb text_line_height=\u00bb1.2em\u00bb header_font=\u00bbMontserrat|300|||||||\u00bb header_text_color=\u00bb#736F72&#8243; header_font_size=\u00bb58px\u00bb header_line_height=\u00bb1.2em\u00bb custom_margin=\u00bb103px||-16px||false|false\u00bb custom_margin_tablet=\u00bb103px||32px||false|false\u00bb custom_margin_phone=\u00bb102px||32px||false|false\u00bb custom_margin_last_edited=\u00bbon|phone\u00bb custom_padding=\u00bb||0px|||\u00bb hover_enabled=\u00bb0&#8243; text_font_size_tablet=\u00bb35px\u00bb text_font_size_phone=\u00bb25px\u00bb text_font_size_last_edited=\u00bbon|phone\u00bb text_line_height_tablet=\u00bb1.2em\u00bb text_line_height_phone=\u00bb1.3em\u00bb text_line_height_last_edited=\u00bbon|phone\u00bb header_font_size_tablet=\u00bb58px\u00bb header_font_size_phone=\u00bb47px\u00bb header_font_size_last_edited=\u00bbon|phone\u00bb global_colors_info=\u00bb{}\u00bb sticky_enabled=\u00bb0&#8243; header_2_font=\u00bb|300|||||||\u00bb]<\/p>\n<h2>PLANIFICACI\u00d3N Y GESTI\u00d3N URBAN\u00cdSTICA<\/h2>\n<p>[\/et_pb_text][et_pb_accordion _builder_version=\u00bb4.27.4&#8243; _module_preset=\u00bbdefault\u00bb custom_margin=\u00bb-34px||||false|false\u00bb custom_padding=\u00bb||||false|false\u00bb hover_enabled=\u00bb0&#8243; global_colors_info=\u00bb{}\u00bb toggle_font=\u00bb|300|||||||\u00bb sticky_enabled=\u00bb0&#8243; body_font=\u00bb|300|||||||\u00bb][et_pb_accordion_item open=\u00bbon\u00bb icon_color=\u00bbRGBA(255,255,255,0)\u00bb _builder_version=\u00bb4.27.4&#8243; _module_preset=\u00bbdefault\u00bb background_color=\u00bbRGBA(255,255,255,0)\u00bb background_enable_color=\u00bbon\u00bb border_width_all=\u00bb0px\u00bb border_width_bottom=\u00bb1px\u00bb border_color_bottom=\u00bb#000000&#8243; global_colors_info=\u00bb{}\u00bb][\/et_pb_accordion_item][et_pb_accordion_item title=\u00bb01_Actuaciones de planeamiento para la resoluci\u00f3n de los d\u00e9ficits urban\u00edsticos en Santa Maria de Llorell, Tossa de Mar (EN CURSO)\u00bb open_toggle_text_color=\u00bb#000000&#8243; icon_color=\u00bb#000000&#8243; toggle_icon=\u00bb&#x50;||divi||400&#8243; use_icon_font_size=\u00bbon\u00bb icon_font_size=\u00bb30px\u00bb _builder_version=\u00bb4.27.4&#8243; _module_preset=\u00bbdefault\u00bb body_font=\u00bbMontserrat||||||||\u00bb body_text_color=\u00bb#000000&#8243; body_font_size=\u00bb16px\u00bb background_color=\u00bbRGBA(255,255,255,0)\u00bb background_enable_color=\u00bbon\u00bb text_orientation=\u00bbleft\u00bb border_width_all=\u00bb0px\u00bb border_width_bottom=\u00bb1px\u00bb border_color_bottom=\u00bb#000000&#8243; global_colors_info=\u00bb{}\u00bb toggle_text_color=\u00bb#000000&#8243; toggle_font=\u00bbPoppins||||||||\u00bb toggle_font_size=\u00bb26px\u00bb toggle_line_height=\u00bb1.3em\u00bb toggle_font_size_tablet=\u00bb26px\u00bb toggle_font_size_phone=\u00bb20px\u00bb toggle_font_size_last_edited=\u00bbon|phone\u00bb open=\u00bboff\u00bb][\/et_pb_accordion_item][et_pb_accordion_item title=\u00bb02_-Redacci\u00f3n de modificaciones puntuales de planeamiento y planeamiento derivado\u00bb open_toggle_text_color=\u00bb#000000&#8243; icon_color=\u00bb#000000&#8243; toggle_icon=\u00bb&#x50;||divi||400&#8243; use_icon_font_size=\u00bbon\u00bb icon_font_size=\u00bb30px\u00bb _builder_version=\u00bb4.27.4&#8243; _module_preset=\u00bbdefault\u00bb body_font=\u00bbMontserrat||||||||\u00bb body_text_color=\u00bb#000000&#8243; body_font_size=\u00bb16px\u00bb background_color=\u00bbRGBA(255,255,255,0)\u00bb background_enable_color=\u00bbon\u00bb text_orientation=\u00bbleft\u00bb border_width_all=\u00bb0px\u00bb border_width_bottom=\u00bb1px\u00bb border_color_bottom=\u00bb#000000&#8243; global_colors_info=\u00bb{}\u00bb toggle_text_color=\u00bb#000000&#8243; toggle_font=\u00bbPoppins||||||||\u00bb toggle_font_size=\u00bb26px\u00bb toggle_line_height=\u00bb1.3em\u00bb toggle_font_size_tablet=\u00bb26px\u00bb toggle_font_size_phone=\u00bb20px\u00bb toggle_font_size_last_edited=\u00bbon|phone\u00bb open=\u00bboff\u00bb][\/et_pb_accordion_item][\/et_pb_accordion][\/et_pb_column][\/et_pb_row][\/et_pb_section][et_pb_section fb_built=\u00bb1&#8243; _builder_version=\u00bb4.27.4&#8243; _module_preset=\u00bbdefault\u00bb custom_padding=\u00bb0px||0px||false|false\u00bb animation_style=\u00bbslide\u00bb animation_direction=\u00bbbottom\u00bb global_colors_info=\u00bb{}\u00bb][et_pb_row column_structure=\u00bb1_2,1_2&#8243; use_custom_gutter=\u00bbon\u00bb gutter_width=\u00bb1&#8243; make_equal=\u00bbon\u00bb _builder_version=\u00bb4.27.4&#8243; _module_preset=\u00bbdefault\u00bb width=\u00bb100%\u00bb max_width=\u00bb2560px\u00bb custom_margin=\u00bb-1px||0px||false|false\u00bb custom_padding=\u00bb0px||0px||false|false\u00bb global_colors_info=\u00bb{}\u00bb][et_pb_column type=\u00bb1_2&#8243; _builder_version=\u00bb4.27.4&#8243; _module_preset=\u00bbdefault\u00bb background_color=\u00bb#F0F0F1&#8243; custom_padding=\u00bb0px|100px||63px|false|false\u00bb custom_padding_tablet=\u00bb|70px||70px|false|true\u00bb custom_padding_phone=\u00bb|37px|42px|37px|false|true\u00bb custom_padding_last_edited=\u00bbon|desktop\u00bb global_colors_info=\u00bb{}\u00bb][et_pb_text _builder_version=\u00bb4.27.4&#8243; _module_preset=\u00bbdefault\u00bb text_font=\u00bbMontserrat|500|||||||\u00bb text_text_color=\u00bb#000000&#8243; text_font_size=\u00bb35px\u00bb text_line_height=\u00bb1.2em\u00bb header_font=\u00bbMontserrat|600|||||||\u00bb header_text_color=\u00bb#736F72&#8243; header_font_size=\u00bb58px\u00bb header_line_height=\u00bb1.2em\u00bb custom_margin=\u00bb103px||-16px||false|false\u00bb custom_margin_tablet=\u00bb103px||32px||false|false\u00bb custom_margin_phone=\u00bb102px||32px||false|false\u00bb custom_margin_last_edited=\u00bbon|phone\u00bb custom_padding=\u00bb||0px|||\u00bb hover_enabled=\u00bb0&#8243; text_font_size_tablet=\u00bb35px\u00bb text_font_size_phone=\u00bb25px\u00bb text_font_size_last_edited=\u00bbon|phone\u00bb text_line_height_tablet=\u00bb1.2em\u00bb text_line_height_phone=\u00bb1.3em\u00bb text_line_height_last_edited=\u00bbon|phone\u00bb header_font_size_tablet=\u00bb58px\u00bb header_font_size_phone=\u00bb47px\u00bb header_font_size_last_edited=\u00bbon|phone\u00bb global_colors_info=\u00bb{}\u00bb header_2_font=\u00bb|300|||||||\u00bb sticky_enabled=\u00bb0&#8243;]<\/p>\n<h2>ESPACIO P\u00daBLICO<\/h2>\n<p>[\/et_pb_text][et_pb_accordion _builder_version=\u00bb4.27.4&#8243; _module_preset=\u00bbdefault\u00bb custom_margin=\u00bb-34px||185px||false|false\u00bb custom_margin_tablet=\u00bb-34px||185px||false|false\u00bb custom_margin_phone=\u00bb||28px||false|false\u00bb custom_margin_last_edited=\u00bbon|phone\u00bb hover_enabled=\u00bb0&#8243; global_colors_info=\u00bb{}\u00bb toggle_font=\u00bb|300|||||||\u00bb sticky_enabled=\u00bb0&#8243; body_font=\u00bb|300|||||||\u00bb][et_pb_accordion_item open=\u00bbon\u00bb icon_color=\u00bbRGBA(255,255,255,0)\u00bb _builder_version=\u00bb4.27.4&#8243; _module_preset=\u00bbdefault\u00bb background_color=\u00bbRGBA(255,255,255,0)\u00bb background_enable_color=\u00bbon\u00bb border_width_all=\u00bb0px\u00bb border_width_bottom=\u00bb1px\u00bb border_color_bottom=\u00bb#000000&#8243; global_colors_info=\u00bb{}\u00bb][\/et_pb_accordion_item][et_pb_accordion_item title=\u00bb01_Plaza Mayor de Sant Lloren\u00e7 Savall\u00bb open_toggle_text_color=\u00bb#000000&#8243; icon_color=\u00bb#000000&#8243; toggle_icon=\u00bb&#x50;||divi||400&#8243; use_icon_font_size=\u00bbon\u00bb icon_font_size=\u00bb30px\u00bb _builder_version=\u00bb4.27.4&#8243; _dynamic_attributes=\u00bblink_option_url\u00bb _module_preset=\u00bbdefault\u00bb body_font=\u00bbMontserrat||||||||\u00bb body_text_color=\u00bb#000000&#8243; body_font_size=\u00bb16px\u00bb background_color=\u00bbRGBA(255,255,255,0)\u00bb background_enable_color=\u00bbon\u00bb text_orientation=\u00bbleft\u00bb link_option_url=\u00bb@ET-DC@eyJkeW5hbWljIjp0cnVlLCJjb250ZW50IjoicG9zdF9saW5rX3VybF9wb3N0Iiwic2V0dGluZ3MiOnsicG9zdF9pZCI6IjI3Mzc3MSIsImVuYWJsZV9odG1sIjoib2ZmIn19@\u00bb border_width_all=\u00bb0px\u00bb border_width_bottom=\u00bb1px\u00bb border_color_bottom=\u00bb#000000&#8243; global_colors_info=\u00bb{}\u00bb toggle_text_color=\u00bb#000000&#8243; toggle_font=\u00bbPoppins||||||||\u00bb toggle_font_size=\u00bb26px\u00bb toggle_line_height=\u00bb1.3em\u00bb toggle_font_size_tablet=\u00bb26px\u00bb toggle_font_size_phone=\u00bb20px\u00bb toggle_font_size_last_edited=\u00bbon|phone\u00bb open=\u00bboff\u00bb]<\/p>\n<p><img decoding=\"async\" data-src=\"https:\/\/civiva.eu\/wp-content\/uploads\/2025\/04\/Sant-Llorenc%E2%95%A0o-Savall-300x167.jpg\" width=\"423\" height=\"235\" alt=\"\" class=\"wp-image-273747 alignnone size-medium lazyload\" src=\"data:image\/svg+xml;base64,PHN2ZyB3aWR0aD0iMSIgaGVpZ2h0PSIxIiB4bWxucz0iaHR0cDovL3d3dy53My5vcmcvMjAwMC9zdmciPjwvc3ZnPg==\" style=\"--smush-placeholder-width: 423px; --smush-placeholder-aspect-ratio: 423\/235;\"><\/p>\n<p>Sant Lloren\u00e7 Savall es un municipio del Vall\u00e8s Occidental con unos 2.400 habitantes, situado en un punto estrat\u00e9gico entre el Moian\u00e8s y el Vall\u00e8s Oriental, a 450 metros sobre el nivel del mar. La estructura urbana del pueblo se organiza en torno a la intersecci\u00f3n de dos carreteras principales: la BP-124, que conecta con Monistrol de Calders y Castellar del Vall\u00e8s, y la BP-1241, que enlaza con Sant Feliu de Codines y atraviesa la Plaza Mayor, condicionando su estructura y configuraci\u00f3n.<\/p>\n<p>[\/et_pb_accordion_item][et_pb_accordion_item title=\u00bb02_Mejora del acceso al Mallol\u00bb open_toggle_text_color=\u00bb#000000&#8243; icon_color=\u00bb#000000&#8243; toggle_icon=\u00bb&#x50;||divi||400&#8243; use_icon_font_size=\u00bbon\u00bb icon_font_size=\u00bb30px\u00bb _builder_version=\u00bb4.27.4&#8243; _module_preset=\u00bbdefault\u00bb body_font=\u00bbMontserrat||||||||\u00bb body_text_color=\u00bb#000000&#8243; body_font_size=\u00bb16px\u00bb background_color=\u00bbRGBA(255,255,255,0)\u00bb background_enable_color=\u00bbon\u00bb text_orientation=\u00bbleft\u00bb border_width_all=\u00bb0px\u00bb border_width_bottom=\u00bb1px\u00bb border_color_bottom=\u00bb#000000&#8243; global_colors_info=\u00bb{}\u00bb toggle_text_color=\u00bb#000000&#8243; toggle_font=\u00bbPoppins||||||||\u00bb toggle_font_size=\u00bb26px\u00bb toggle_line_height=\u00bb1.3em\u00bb toggle_font_size_tablet=\u00bb26px\u00bb toggle_font_size_phone=\u00bb20px\u00bb toggle_font_size_last_edited=\u00bbon|phone\u00bb open=\u00bboff\u00bb][\/et_pb_accordion_item][et_pb_accordion_item title=\u00bb03_Proyecto de reurbanizaci\u00f3n de los espacios p\u00fablicos de Santa Mar\u00eda de Llorell, Tossa de Mar (EN CURSO)\u00bb open_toggle_text_color=\u00bb#000000&#8243; icon_color=\u00bb#000000&#8243; toggle_icon=\u00bb&#x50;||divi||400&#8243; use_icon_font_size=\u00bbon\u00bb icon_font_size=\u00bb30px\u00bb _builder_version=\u00bb4.27.4&#8243; _module_preset=\u00bbdefault\u00bb body_font=\u00bbMontserrat||||||||\u00bb body_text_color=\u00bb#000000&#8243; body_font_size=\u00bb16px\u00bb background_color=\u00bbRGBA(255,255,255,0)\u00bb background_enable_color=\u00bbon\u00bb text_orientation=\u00bbleft\u00bb border_width_all=\u00bb0px\u00bb border_width_bottom=\u00bb1px\u00bb border_color_bottom=\u00bb#000000&#8243; global_colors_info=\u00bb{}\u00bb toggle_text_color=\u00bb#000000&#8243; toggle_font=\u00bbPoppins||||||||\u00bb toggle_font_size=\u00bb26px\u00bb toggle_line_height=\u00bb1.3em\u00bb toggle_font_size_tablet=\u00bb26px\u00bb toggle_font_size_phone=\u00bb20px\u00bb toggle_font_size_last_edited=\u00bbon|phone\u00bb open=\u00bboff\u00bb][\/et_pb_accordion_item][\/et_pb_accordion][\/et_pb_column][et_pb_column type=\u00bb1_2&#8243; _builder_version=\u00bb4.27.4&#8243; _module_preset=\u00bbdefault\u00bb background_color=\u00bb#d8d7d6&#8243; custom_padding=\u00bb0px|100px||63px|false|false\u00bb custom_padding_tablet=\u00bb|70px||70px|false|true\u00bb custom_padding_phone=\u00bb|37px|42px|37px|false|true\u00bb custom_padding_last_edited=\u00bbon|desktop\u00bb global_colors_info=\u00bb{}\u00bb][et_pb_text _builder_version=\u00bb4.27.4&#8243; _module_preset=\u00bbdefault\u00bb text_font=\u00bbMontserrat|500|||||||\u00bb text_text_color=\u00bb#000000&#8243; text_font_size=\u00bb35px\u00bb text_line_height=\u00bb1.2em\u00bb header_font=\u00bbMontserrat|600|||||||\u00bb header_text_color=\u00bb#736F72&#8243; header_font_size=\u00bb58px\u00bb header_line_height=\u00bb1.2em\u00bb custom_margin=\u00bb103px||-16px||false|false\u00bb custom_margin_tablet=\u00bb103px||32px||false|false\u00bb custom_margin_phone=\u00bb102px||32px||false|false\u00bb custom_margin_last_edited=\u00bbon|phone\u00bb custom_padding=\u00bb||0px|||\u00bb hover_enabled=\u00bb0&#8243; text_font_size_tablet=\u00bb35px\u00bb text_font_size_phone=\u00bb25px\u00bb text_font_size_last_edited=\u00bbon|phone\u00bb text_line_height_tablet=\u00bb1.2em\u00bb text_line_height_phone=\u00bb1.3em\u00bb text_line_height_last_edited=\u00bbon|phone\u00bb header_font_size_tablet=\u00bb58px\u00bb header_font_size_phone=\u00bb47px\u00bb header_font_size_last_edited=\u00bbon|phone\u00bb global_colors_info=\u00bb{}\u00bb header_2_font=\u00bb|300|||||||\u00bb sticky_enabled=\u00bb0&#8243;]<\/p>\n<h2>MOVILIDAD Y TRANSPORTE<\/h2>\n<p>[\/et_pb_text][et_pb_accordion _builder_version=\u00bb4.27.4&#8243; _module_preset=\u00bbdefault\u00bb custom_margin=\u00bb-34px||185px||false|false\u00bb custom_margin_tablet=\u00bb-34px||185px||false|false\u00bb custom_margin_phone=\u00bb||28px||false|false\u00bb custom_margin_last_edited=\u00bbon|phone\u00bb hover_enabled=\u00bb0&#8243; global_colors_info=\u00bb{}\u00bb toggle_font=\u00bb|300|||||||\u00bb sticky_enabled=\u00bb0&#8243; body_font=\u00bb|300|||||||\u00bb][et_pb_accordion_item open=\u00bbon\u00bb icon_color=\u00bbRGBA(255,255,255,0)\u00bb _builder_version=\u00bb4.27.4&#8243; _module_preset=\u00bbdefault\u00bb background_color=\u00bbRGBA(255,255,255,0)\u00bb background_enable_color=\u00bbon\u00bb border_width_all=\u00bb0px\u00bb border_width_bottom=\u00bb1px\u00bb border_color_bottom=\u00bb#000000&#8243; global_colors_info=\u00bb{}\u00bb][\/et_pb_accordion_item][et_pb_accordion_item title=\u00bb01_-Estudio de trazado de la V\u00eda Verde de Riudaura\u00bb open_toggle_text_color=\u00bb#000000&#8243; icon_color=\u00bb#000000&#8243; toggle_icon=\u00bb&#x50;||divi||400&#8243; use_icon_font_size=\u00bbon\u00bb icon_font_size=\u00bb30px\u00bb _builder_version=\u00bb4.27.4&#8243; _module_preset=\u00bbdefault\u00bb body_font=\u00bbMontserrat||||||||\u00bb body_text_color=\u00bb#000000&#8243; body_font_size=\u00bb16px\u00bb background_color=\u00bbRGBA(255,255,255,0)\u00bb background_enable_color=\u00bbon\u00bb text_orientation=\u00bbleft\u00bb border_width_all=\u00bb0px\u00bb border_width_bottom=\u00bb1px\u00bb border_color_bottom=\u00bb#000000&#8243; global_colors_info=\u00bb{}\u00bb toggle_text_color=\u00bb#000000&#8243; toggle_font=\u00bbPoppins||||||||\u00bb toggle_font_size=\u00bb26px\u00bb toggle_line_height=\u00bb1.3em\u00bb toggle_font_size_tablet=\u00bb26px\u00bb toggle_font_size_phone=\u00bb20px\u00bb toggle_font_size_last_edited=\u00bbon|phone\u00bb open=\u00bboff\u00bb][\/et_pb_accordion_item][et_pb_accordion_item title=\u00bb02_-V\u00edas ciclables en La Vall d&apos;en Bas  \u00bb open_toggle_text_color=\u00bb#000000&#8243; icon_color=\u00bb#000000&#8243; toggle_icon=\u00bb&#x50;||divi||400&#8243; use_icon_font_size=\u00bbon\u00bb icon_font_size=\u00bb30px\u00bb _builder_version=\u00bb4.27.4&#8243; _module_preset=\u00bbdefault\u00bb body_font=\u00bbMontserrat||||||||\u00bb body_text_color=\u00bb#000000&#8243; body_font_size=\u00bb16px\u00bb background_color=\u00bbRGBA(255,255,255,0)\u00bb background_enable_color=\u00bbon\u00bb text_orientation=\u00bbleft\u00bb border_width_all=\u00bb0px\u00bb border_width_bottom=\u00bb1px\u00bb border_color_bottom=\u00bb#000000&#8243; global_colors_info=\u00bb{}\u00bb toggle_text_color=\u00bb#000000&#8243; toggle_font=\u00bbPoppins||||||||\u00bb toggle_font_size=\u00bb26px\u00bb toggle_line_height=\u00bb1.3em\u00bb toggle_font_size_tablet=\u00bb26px\u00bb toggle_font_size_phone=\u00bb20px\u00bb toggle_font_size_last_edited=\u00bbon|phone\u00bb open=\u00bboff\u00bb][\/et_pb_accordion_item][et_pb_accordion_item title=\u00bb03_Estudio de viabilidad para la creaci\u00f3n de un sistema de movilidad sostenible para acceder a la Punta del Cap de Creus\u00bb open_toggle_text_color=\u00bb#000000&#8243; icon_color=\u00bb#000000&#8243; toggle_icon=\u00bb&#x50;||divi||400&#8243; use_icon_font_size=\u00bbon\u00bb icon_font_size=\u00bb30px\u00bb _builder_version=\u00bb4.27.4&#8243; _module_preset=\u00bbdefault\u00bb body_font=\u00bbMontserrat||||||||\u00bb body_text_color=\u00bb#000000&#8243; body_font_size=\u00bb16px\u00bb background_color=\u00bbRGBA(255,255,255,0)\u00bb background_enable_color=\u00bbon\u00bb text_orientation=\u00bbleft\u00bb border_width_all=\u00bb0px\u00bb border_width_bottom=\u00bb1px\u00bb border_color_bottom=\u00bb#000000&#8243; global_colors_info=\u00bb{}\u00bb toggle_text_color=\u00bb#000000&#8243; toggle_font=\u00bbPoppins||||||||\u00bb toggle_font_size=\u00bb26px\u00bb toggle_line_height=\u00bb1.3em\u00bb toggle_font_size_tablet=\u00bb26px\u00bb toggle_font_size_phone=\u00bb20px\u00bb toggle_font_size_last_edited=\u00bbon|phone\u00bb open=\u00bboff\u00bb][\/et_pb_accordion_item][et_pb_accordion_item title=\u00bb04_Estudio de accesibilidad en el Parque Natural de la Garrotxa a trav\u00e9s de la carretera GI-524&#8243; open_toggle_text_color=\u00bb#000000&#8243; icon_color=\u00bb#000000&#8243; toggle_icon=\u00bb&#x50;||divi||400&#8243; use_icon_font_size=\u00bbon\u00bb icon_font_size=\u00bb30px\u00bb _builder_version=\u00bb4.27.4&#8243; _module_preset=\u00bbdefault\u00bb body_font=\u00bbMontserrat||||||||\u00bb body_text_color=\u00bb#000000&#8243; body_font_size=\u00bb16px\u00bb background_color=\u00bbRGBA(255,255,255,0)\u00bb background_enable_color=\u00bbon\u00bb text_orientation=\u00bbleft\u00bb border_width_all=\u00bb0px\u00bb border_width_bottom=\u00bb1px\u00bb border_color_bottom=\u00bb#000000&#8243; global_colors_info=\u00bb{}\u00bb toggle_text_color=\u00bb#000000&#8243; toggle_font=\u00bbPoppins||||||||\u00bb toggle_font_size=\u00bb26px\u00bb toggle_line_height=\u00bb1.3em\u00bb toggle_font_size_tablet=\u00bb26px\u00bb toggle_font_size_phone=\u00bb20px\u00bb toggle_font_size_last_edited=\u00bbon|phone\u00bb open=\u00bboff\u00bb][\/et_pb_accordion_item][\/et_pb_accordion][\/et_pb_column][\/et_pb_row][\/et_pb_section][et_pb_section fb_built=\u00bb1&#8243; _builder_version=\u00bb4.27.4&#8243; _module_preset=\u00bbdefault\u00bb custom_padding=\u00bb0px||0px||false|false\u00bb animation_style=\u00bbslide\u00bb animation_direction=\u00bbbottom\u00bb global_colors_info=\u00bb{}\u00bb][et_pb_row column_structure=\u00bb1_2,1_2&#8243; use_custom_gutter=\u00bbon\u00bb gutter_width=\u00bb1&#8243; make_equal=\u00bbon\u00bb _builder_version=\u00bb4.27.4&#8243; _module_preset=\u00bbdefault\u00bb width=\u00bb100%\u00bb max_width=\u00bb2560px\u00bb custom_margin=\u00bb-1px||0px||false|false\u00bb custom_padding=\u00bb0px||0px||false|false\u00bb global_colors_info=\u00bb{}\u00bb][et_pb_column type=\u00bb1_2&#8243; _builder_version=\u00bb4.27.4&#8243; _module_preset=\u00bbdefault\u00bb background_color=\u00bb#d8d7d6&#8243; background_enable_image=\u00bboff\u00bb background_position=\u00bbbottom_right\u00bb background_horizontal_offset=\u00bb13%\u00bb background_vertical_offset=\u00bb14%\u00bb custom_padding=\u00bb0px|100px|111px|63px|false|false\u00bb custom_padding_tablet=\u00bb|70px||70px|false|true\u00bb custom_padding_phone=\u00bb|37px|42px|37px|false|true\u00bb custom_padding_last_edited=\u00bbon|desktop\u00bb global_colors_info=\u00bb{}\u00bb][et_pb_text _builder_version=\u00bb4.27.4&#8243; _module_preset=\u00bbdefault\u00bb text_font=\u00bbMontserrat|500|||||||\u00bb text_text_color=\u00bb#000000&#8243; text_font_size=\u00bb35px\u00bb text_line_height=\u00bb1.2em\u00bb header_font=\u00bbMontserrat|600|||||||\u00bb header_text_color=\u00bb#736F72&#8243; header_font_size=\u00bb58px\u00bb header_line_height=\u00bb1.2em\u00bb custom_margin=\u00bb103px||-16px||false|false\u00bb custom_margin_tablet=\u00bb103px||32px||false|false\u00bb custom_margin_phone=\u00bb102px||32px||false|false\u00bb custom_margin_last_edited=\u00bbon|phone\u00bb custom_padding=\u00bb||0px|||\u00bb hover_enabled=\u00bb0&#8243; text_font_size_tablet=\u00bb35px\u00bb text_font_size_phone=\u00bb25px\u00bb text_font_size_last_edited=\u00bbon|phone\u00bb text_line_height_tablet=\u00bb1.2em\u00bb text_line_height_phone=\u00bb1.3em\u00bb text_line_height_last_edited=\u00bbon|phone\u00bb header_font_size_tablet=\u00bb58px\u00bb header_font_size_phone=\u00bb47px\u00bb header_font_size_last_edited=\u00bbon|phone\u00bb global_colors_info=\u00bb{}\u00bb header_2_font=\u00bb|300|||||||\u00bb sticky_enabled=\u00bb0&#8243;]<\/p>\n<h2>ASESORAMIENTO PERSONALIZADO<\/h2>\n<p>[\/et_pb_text][et_pb_accordion _builder_version=\u00bb4.27.4&#8243; _module_preset=\u00bbdefault\u00bb custom_margin=\u00bb-34px||||false|false\u00bb custom_padding=\u00bb||||false|false\u00bb hover_enabled=\u00bb0&#8243; global_colors_info=\u00bb{}\u00bb toggle_font=\u00bb|300|||||||\u00bb sticky_enabled=\u00bb0&#8243; body_font=\u00bb|300|||||||\u00bb][et_pb_accordion_item open=\u00bbon\u00bb icon_color=\u00bbRGBA(255,255,255,0)\u00bb _builder_version=\u00bb4.27.4&#8243; _module_preset=\u00bbdefault\u00bb background_color=\u00bbRGBA(255,255,255,0)\u00bb background_enable_color=\u00bbon\u00bb border_width_all=\u00bb0px\u00bb border_width_bottom=\u00bb1px\u00bb border_color_bottom=\u00bb#000000&#8243; global_colors_info=\u00bb{}\u00bb][\/et_pb_accordion_item][et_pb_accordion_item title=\u00bb01_Asesoramiento t\u00e9cnico en la mesa de movilidad del Consejo Comarcal de la Garrotxa\u00bb open_toggle_text_color=\u00bb#000000&#8243; icon_color=\u00bb#000000&#8243; toggle_icon=\u00bb&#x50;||divi||400&#8243; use_icon_font_size=\u00bbon\u00bb icon_font_size=\u00bb30px\u00bb _builder_version=\u00bb4.27.4&#8243; _module_preset=\u00bbdefault\u00bb body_font=\u00bbMontserrat||||||||\u00bb body_text_color=\u00bb#000000&#8243; body_font_size=\u00bb16px\u00bb background_color=\u00bbRGBA(255,255,255,0)\u00bb background_enable_color=\u00bbon\u00bb text_orientation=\u00bbleft\u00bb border_width_all=\u00bb0px\u00bb border_width_bottom=\u00bb1px\u00bb border_color_bottom=\u00bb#000000&#8243; global_colors_info=\u00bb{}\u00bb toggle_text_color=\u00bb#000000&#8243; toggle_font=\u00bbPoppins||||||||\u00bb toggle_font_size=\u00bb26px\u00bb toggle_line_height=\u00bb1.3em\u00bb toggle_font_size_tablet=\u00bb26px\u00bb toggle_font_size_phone=\u00bb20px\u00bb toggle_font_size_last_edited=\u00bbon|phone\u00bb open=\u00bboff\u00bb][\/et_pb_accordion_item][et_pb_accordion_item title=\u00bb02_Estudio urban\u00edstico de viabilidad para el desarrollo de usos y actividades en fincas privadas\u00bb open_toggle_text_color=\u00bb#000000&#8243; icon_color=\u00bb#000000&#8243; toggle_icon=\u00bb&#x50;||divi||400&#8243; use_icon_font_size=\u00bbon\u00bb icon_font_size=\u00bb30px\u00bb _builder_version=\u00bb4.27.4&#8243; _module_preset=\u00bbdefault\u00bb body_font=\u00bbMontserrat||||||||\u00bb body_text_color=\u00bb#000000&#8243; body_font_size=\u00bb16px\u00bb background_color=\u00bbRGBA(255,255,255,0)\u00bb background_enable_color=\u00bbon\u00bb text_orientation=\u00bbleft\u00bb border_width_all=\u00bb0px\u00bb border_width_bottom=\u00bb1px\u00bb border_color_bottom=\u00bb#000000&#8243; global_colors_info=\u00bb{}\u00bb toggle_text_color=\u00bb#000000&#8243; toggle_font=\u00bbPoppins||||||||\u00bb toggle_font_size=\u00bb26px\u00bb toggle_line_height=\u00bb1.3em\u00bb toggle_font_size_tablet=\u00bb26px\u00bb toggle_font_size_phone=\u00bb20px\u00bb toggle_font_size_last_edited=\u00bbon|phone\u00bb open=\u00bboff\u00bb][\/et_pb_accordion_item][\/et_pb_accordion][\/et_pb_column][et_pb_column type=\u00bb1_2&#8243; _builder_version=\u00bb4.27.4&#8243; _module_preset=\u00bbdefault\u00bb background_color=\u00bb#f7f5d5&#8243; custom_padding=\u00bb0px|100px||63px|false|false\u00bb custom_padding_tablet=\u00bb|70px||70px|false|true\u00bb custom_padding_phone=\u00bb|37px|42px|37px|false|true\u00bb custom_padding_last_edited=\u00bbon|desktop\u00bb global_colors_info=\u00bb{}\u00bb][et_pb_text _builder_version=\u00bb4.27.4&#8243; _module_preset=\u00bbdefault\u00bb text_font=\u00bbMontserrat|500|||||||\u00bb text_text_color=\u00bb#000000&#8243; text_font_size=\u00bb35px\u00bb text_line_height=\u00bb1.2em\u00bb header_font=\u00bbMontserrat|600|||||||\u00bb header_text_color=\u00bb#736F72&#8243; header_font_size=\u00bb58px\u00bb header_line_height=\u00bb1.2em\u00bb custom_margin=\u00bb103px||-16px||false|false\u00bb custom_margin_tablet=\u00bb103px||32px||false|false\u00bb custom_margin_phone=\u00bb102px||32px||false|false\u00bb custom_margin_last_edited=\u00bbon|phone\u00bb custom_padding=\u00bb||0px|||\u00bb hover_enabled=\u00bb0&#8243; text_font_size_tablet=\u00bb35px\u00bb text_font_size_phone=\u00bb25px\u00bb text_font_size_last_edited=\u00bbon|phone\u00bb text_line_height_tablet=\u00bb1.2em\u00bb text_line_height_phone=\u00bb1.3em\u00bb text_line_height_last_edited=\u00bbon|phone\u00bb header_font_size_tablet=\u00bb58px\u00bb header_font_size_phone=\u00bb47px\u00bb header_font_size_last_edited=\u00bbon|phone\u00bb global_colors_info=\u00bb{}\u00bb header_2_font=\u00bb|300|||||||\u00bb sticky_enabled=\u00bb0&#8243;]<\/p>\n<h2>PRODUCTOS<\/h2>\n<p>[\/et_pb_text][et_pb_accordion _builder_version=\u00bb4.27.4&#8243; _module_preset=\u00bbdefault\u00bb custom_margin=\u00bb-34px||284px||false|false\u00bb custom_margin_tablet=\u00bb-34px||284px||false|false\u00bb custom_margin_phone=\u00bb-34px||20px||false|false\u00bb custom_margin_last_edited=\u00bbon|phone\u00bb hover_enabled=\u00bb0&#8243; global_colors_info=\u00bb{}\u00bb toggle_font=\u00bb|300|||||||\u00bb sticky_enabled=\u00bb0&#8243; body_font=\u00bb|300|||||||\u00bb][et_pb_accordion_item open=\u00bbon\u00bb icon_color=\u00bbRGBA(255,255,255,0)\u00bb _builder_version=\u00bb4.27.4&#8243; _module_preset=\u00bbdefault\u00bb background_color=\u00bbRGBA(255,255,255,0)\u00bb background_enable_color=\u00bbon\u00bb border_width_all=\u00bb0px\u00bb border_width_bottom=\u00bb1px\u00bb border_color_bottom=\u00bb#000000&#8243; global_colors_info=\u00bb{}\u00bb][\/et_pb_accordion_item][et_pb_accordion_item title=\u00bb01_Aparcamiento de bicicletas IO\u00bb open_toggle_text_color=\u00bb#000000&#8243; icon_color=\u00bb#000000&#8243; toggle_icon=\u00bb&#x50;||divi||400&#8243; use_icon_font_size=\u00bbon\u00bb icon_font_size=\u00bb30px\u00bb _builder_version=\u00bb4.27.4&#8243; _module_preset=\u00bbdefault\u00bb body_font=\u00bbMontserrat||||||||\u00bb body_text_color=\u00bb#000000&#8243; body_font_size=\u00bb16px\u00bb background_color=\u00bbRGBA(255,255,255,0)\u00bb background_enable_color=\u00bbon\u00bb text_orientation=\u00bbleft\u00bb border_width_all=\u00bb0px\u00bb border_width_bottom=\u00bb1px\u00bb border_color_bottom=\u00bb#000000&#8243; global_colors_info=\u00bb{}\u00bb toggle_text_color=\u00bb#000000&#8243; toggle_font=\u00bbPoppins||||||||\u00bb toggle_font_size=\u00bb26px\u00bb toggle_line_height=\u00bb1.3em\u00bb toggle_font_size_tablet=\u00bb26px\u00bb toggle_font_size_phone=\u00bb20px\u00bb toggle_font_size_last_edited=\u00bbon|phone\u00bb open=\u00bboff\u00bb][\/et_pb_accordion_item][\/et_pb_accordion][\/et_pb_column][\/et_pb_row][\/et_pb_section]<\/p>\n","protected":false},"excerpt":{"rendered":"<p>PROYECTOSC\u00cdVIVA afronta las casu\u00edsticas y complejidades de cada entorno mediante colaboraciones cercanas y recurrentes con profesionales de diversos \u00e1mbitosESTRATEGIA URBANA El municipio de Torroella de Montgr\u00ed y L&#8217;Estartit, caracterizado por un entorno natural diverso y un sistema de poblaci\u00f3n polic\u00e9ntrico, afronta retos derivados de una urbanizaci\u00f3n dispersa y la dependencia del veh\u00edculo privado. Esto ha supuesto problemas de congesti\u00f3n, accesibilidad y contaminaci\u00f3n, especialmente agravados durante la temporada tur\u00edstica. En este contexto, el PEMMS plantea una nueva forma de entender la movilidad, basada en la integraci\u00f3n de aspectos ambientales, paisaj\u00edsticos y sociales, evitando la necesidad de construir nuevas infraestructuras, como la variante de la C-31 en forma de nueva carretera por medio de la llanura agr\u00edcola. El Plan Estrat\u00e9gico Municipal de Movilidad Sostenible (PEMMS) de la Vall d&#8217;en Bas establece las bases para transformar el municipio, caracterizado por su baja densidad, estructura polic\u00e9ntrica y dispersi\u00f3n territorial, hacia un modelo de movilidad activa y menos dependiente del coche privado. Este cambio resulta esencial para hacer frente a los retos derivados de la crisis ecol\u00f3gica y social.PLANIFICACI\u00d3N Y GESTI\u00d3N URBAN\u00cdSTICAESPACIO P\u00daBLICO Sant Lloren\u00e7 Savall es un municipio del Vall\u00e8s Occidental con unos 2.400 habitantes, situado en un punto estrat\u00e9gico entre el Moian\u00e8s y [&hellip;]<\/p>\n","protected":false},"author":1,"featured_media":0,"parent":0,"menu_order":0,"comment_status":"closed","ping_status":"closed","template":"","meta":{"_et_pb_use_builder":"on","_et_pb_old_content":"","_et_gb_content_width":"","footnotes":""},"class_list":["post-273993","page","type-page","status-publish","hentry"],"yoast_head":"<!-- This site is optimized with the Yoast SEO plugin v27.5 - https:\/\/yoast.com\/product\/yoast-seo-wordpress\/ -->\n<title>proyectos - Civiva<\/title>\n<meta name=\"robots\" content=\"index, follow, max-snippet:-1, max-image-preview:large, max-video-preview:-1\" \/>\n<link rel=\"canonical\" href=\"https:\/\/civiva.eu\/es\/proyectos\/\" \/>\n<meta property=\"og:locale\" content=\"es_ES\" \/>\n<meta property=\"og:type\" content=\"article\" \/>\n<meta property=\"og:title\" content=\"proyectos - Civiva\" \/>\n<meta property=\"og:description\" content=\"PROYECTOSC\u00cdVIVA afronta las casu\u00edsticas y complejidades de cada entorno mediante colaboraciones cercanas y recurrentes con profesionales de diversos \u00e1mbitosESTRATEGIA URBANA El municipio de Torroella de Montgr\u00ed y L&#039;Estartit, caracterizado por un entorno natural diverso y un sistema de poblaci\u00f3n polic\u00e9ntrico, afronta retos derivados de una urbanizaci\u00f3n dispersa y la dependencia del veh\u00edculo privado. Esto ha supuesto problemas de congesti\u00f3n, accesibilidad y contaminaci\u00f3n, especialmente agravados durante la temporada tur\u00edstica. En este contexto, el PEMMS plantea una nueva forma de entender la movilidad, basada en la integraci\u00f3n de aspectos ambientales, paisaj\u00edsticos y sociales, evitando la necesidad de construir nuevas infraestructuras, como la variante de la C-31 en forma de nueva carretera por medio de la llanura agr\u00edcola. El Plan Estrat\u00e9gico Municipal de Movilidad Sostenible (PEMMS) de la Vall d&#039;en Bas establece las bases para transformar el municipio, caracterizado por su baja densidad, estructura polic\u00e9ntrica y dispersi\u00f3n territorial, hacia un modelo de movilidad activa y menos dependiente del coche privado. Este cambio resulta esencial para hacer frente a los retos derivados de la crisis ecol\u00f3gica y social.PLANIFICACI\u00d3N Y GESTI\u00d3N URBAN\u00cdSTICAESPACIO P\u00daBLICO Sant Lloren\u00e7 Savall es un municipio del Vall\u00e8s Occidental con unos 2.400 habitantes, situado en un punto estrat\u00e9gico entre el Moian\u00e8s y [&hellip;]\" \/>\n<meta property=\"og:url\" content=\"https:\/\/civiva.eu\/es\/proyectos\/\" \/>\n<meta property=\"og:site_name\" content=\"Civiva\" \/>\n<meta property=\"article:modified_time\" content=\"2025-05-28T15:05:17+00:00\" \/>\n<meta property=\"og:image\" content=\"https:\/\/civiva.eu\/wp-content\/uploads\/2025\/04\/ae\u2560Cria.jpg\" \/>\n\t<meta property=\"og:image:width\" content=\"2048\" \/>\n\t<meta property=\"og:image:height\" content=\"1370\" \/>\n\t<meta property=\"og:image:type\" content=\"image\/jpeg\" \/>\n<meta name=\"twitter:card\" content=\"summary_large_image\" \/>\n<meta name=\"twitter:label1\" content=\"Tiempo de lectura\" \/>\n\t<meta name=\"twitter:data1\" content=\"22 minutos\" \/>\n<script type=\"application\/ld+json\" class=\"yoast-schema-graph\">{\"@context\":\"https:\\\/\\\/schema.org\",\"@graph\":[{\"@type\":\"WebPage\",\"@id\":\"https:\\\/\\\/civiva.eu\\\/es\\\/proyectos\\\/\",\"url\":\"https:\\\/\\\/civiva.eu\\\/es\\\/proyectos\\\/\",\"name\":\"proyectos - Civiva\",\"isPartOf\":{\"@id\":\"https:\\\/\\\/civiva.eu\\\/es\\\/#website\"},\"primaryImageOfPage\":{\"@id\":\"https:\\\/\\\/civiva.eu\\\/es\\\/proyectos\\\/#primaryimage\"},\"image\":{\"@id\":\"https:\\\/\\\/civiva.eu\\\/es\\\/proyectos\\\/#primaryimage\"},\"thumbnailUrl\":\"https:\\\/\\\/civiva.eu\\\/wp-content\\\/uploads\\\/2025\\\/04\\\/ae%E2%95%A0Cria-300x201.jpg\",\"datePublished\":\"2025-03-19T20:13:10+00:00\",\"dateModified\":\"2025-05-28T15:05:17+00:00\",\"breadcrumb\":{\"@id\":\"https:\\\/\\\/civiva.eu\\\/es\\\/proyectos\\\/#breadcrumb\"},\"inLanguage\":\"es\",\"potentialAction\":[{\"@type\":\"ReadAction\",\"target\":[\"https:\\\/\\\/civiva.eu\\\/es\\\/proyectos\\\/\"]}]},{\"@type\":\"ImageObject\",\"inLanguage\":\"es\",\"@id\":\"https:\\\/\\\/civiva.eu\\\/es\\\/proyectos\\\/#primaryimage\",\"url\":\"https:\\\/\\\/civiva.eu\\\/wp-content\\\/uploads\\\/2025\\\/04\\\/ae%E2%95%A0Cria-300x201.jpg\",\"contentUrl\":\"https:\\\/\\\/civiva.eu\\\/wp-content\\\/uploads\\\/2025\\\/04\\\/ae%E2%95%A0Cria-300x201.jpg\"},{\"@type\":\"BreadcrumbList\",\"@id\":\"https:\\\/\\\/civiva.eu\\\/es\\\/proyectos\\\/#breadcrumb\",\"itemListElement\":[{\"@type\":\"ListItem\",\"position\":1,\"name\":\"Inici\",\"item\":\"https:\\\/\\\/civiva.eu\\\/es\\\/home\\\/\"},{\"@type\":\"ListItem\",\"position\":2,\"name\":\"proyectos\"}]},{\"@type\":\"WebSite\",\"@id\":\"https:\\\/\\\/civiva.eu\\\/es\\\/#website\",\"url\":\"https:\\\/\\\/civiva.eu\\\/es\\\/\",\"name\":\"Civiva\",\"description\":\"Urbanisme, espai p\u00fablic i mobilitat sostenible\",\"publisher\":{\"@id\":\"https:\\\/\\\/civiva.eu\\\/es\\\/#organization\"},\"potentialAction\":[{\"@type\":\"SearchAction\",\"target\":{\"@type\":\"EntryPoint\",\"urlTemplate\":\"https:\\\/\\\/civiva.eu\\\/es\\\/?s={search_term_string}\"},\"query-input\":{\"@type\":\"PropertyValueSpecification\",\"valueRequired\":true,\"valueName\":\"search_term_string\"}}],\"inLanguage\":\"es\"},{\"@type\":\"Organization\",\"@id\":\"https:\\\/\\\/civiva.eu\\\/es\\\/#organization\",\"name\":\"Civiva\",\"url\":\"https:\\\/\\\/civiva.eu\\\/es\\\/\",\"logo\":{\"@type\":\"ImageObject\",\"inLanguage\":\"es\",\"@id\":\"https:\\\/\\\/civiva.eu\\\/es\\\/#\\\/schema\\\/logo\\\/image\\\/\",\"url\":\"https:\\\/\\\/civiva.eu\\\/wp-content\\\/uploads\\\/2025\\\/03\\\/Mesa-de-trabajo-2-8.png\",\"contentUrl\":\"https:\\\/\\\/civiva.eu\\\/wp-content\\\/uploads\\\/2025\\\/03\\\/Mesa-de-trabajo-2-8.png\",\"width\":1849,\"height\":613,\"caption\":\"Civiva\"},\"image\":{\"@id\":\"https:\\\/\\\/civiva.eu\\\/es\\\/#\\\/schema\\\/logo\\\/image\\\/\"},\"sameAs\":[\"https:\\\/\\\/www.instagram.com\\\/civiva.eu\\\/\"]}]}<\/script>\n<!-- \/ Yoast SEO plugin. -->","yoast_head_json":{"title":"proyectos - Civiva","robots":{"index":"index","follow":"follow","max-snippet":"max-snippet:-1","max-image-preview":"max-image-preview:large","max-video-preview":"max-video-preview:-1"},"canonical":"https:\/\/civiva.eu\/es\/proyectos\/","og_locale":"es_ES","og_type":"article","og_title":"proyectos - Civiva","og_description":"PROYECTOSC\u00cdVIVA afronta las casu\u00edsticas y complejidades de cada entorno mediante colaboraciones cercanas y recurrentes con profesionales de diversos \u00e1mbitosESTRATEGIA URBANA El municipio de Torroella de Montgr\u00ed y L'Estartit, caracterizado por un entorno natural diverso y un sistema de poblaci\u00f3n polic\u00e9ntrico, afronta retos derivados de una urbanizaci\u00f3n dispersa y la dependencia del veh\u00edculo privado. Esto ha supuesto problemas de congesti\u00f3n, accesibilidad y contaminaci\u00f3n, especialmente agravados durante la temporada tur\u00edstica. En este contexto, el PEMMS plantea una nueva forma de entender la movilidad, basada en la integraci\u00f3n de aspectos ambientales, paisaj\u00edsticos y sociales, evitando la necesidad de construir nuevas infraestructuras, como la variante de la C-31 en forma de nueva carretera por medio de la llanura agr\u00edcola. El Plan Estrat\u00e9gico Municipal de Movilidad Sostenible (PEMMS) de la Vall d'en Bas establece las bases para transformar el municipio, caracterizado por su baja densidad, estructura polic\u00e9ntrica y dispersi\u00f3n territorial, hacia un modelo de movilidad activa y menos dependiente del coche privado. Este cambio resulta esencial para hacer frente a los retos derivados de la crisis ecol\u00f3gica y social.PLANIFICACI\u00d3N Y GESTI\u00d3N URBAN\u00cdSTICAESPACIO P\u00daBLICO Sant Lloren\u00e7 Savall es un municipio del Vall\u00e8s Occidental con unos 2.400 habitantes, situado en un punto estrat\u00e9gico entre el Moian\u00e8s y [&hellip;]","og_url":"https:\/\/civiva.eu\/es\/proyectos\/","og_site_name":"Civiva","article_modified_time":"2025-05-28T15:05:17+00:00","og_image":[{"width":2048,"height":1370,"url":"https:\/\/civiva.eu\/wp-content\/uploads\/2025\/04\/ae\u2560Cria.jpg","type":"image\/jpeg"}],"twitter_card":"summary_large_image","twitter_misc":{"Tiempo de lectura":"22 minutos"},"schema":{"@context":"https:\/\/schema.org","@graph":[{"@type":"WebPage","@id":"https:\/\/civiva.eu\/es\/proyectos\/","url":"https:\/\/civiva.eu\/es\/proyectos\/","name":"proyectos - Civiva","isPartOf":{"@id":"https:\/\/civiva.eu\/es\/#website"},"primaryImageOfPage":{"@id":"https:\/\/civiva.eu\/es\/proyectos\/#primaryimage"},"image":{"@id":"https:\/\/civiva.eu\/es\/proyectos\/#primaryimage"},"thumbnailUrl":"https:\/\/civiva.eu\/wp-content\/uploads\/2025\/04\/ae%E2%95%A0Cria-300x201.jpg","datePublished":"2025-03-19T20:13:10+00:00","dateModified":"2025-05-28T15:05:17+00:00","breadcrumb":{"@id":"https:\/\/civiva.eu\/es\/proyectos\/#breadcrumb"},"inLanguage":"es","potentialAction":[{"@type":"ReadAction","target":["https:\/\/civiva.eu\/es\/proyectos\/"]}]},{"@type":"ImageObject","inLanguage":"es","@id":"https:\/\/civiva.eu\/es\/proyectos\/#primaryimage","url":"https:\/\/civiva.eu\/wp-content\/uploads\/2025\/04\/ae%E2%95%A0Cria-300x201.jpg","contentUrl":"https:\/\/civiva.eu\/wp-content\/uploads\/2025\/04\/ae%E2%95%A0Cria-300x201.jpg"},{"@type":"BreadcrumbList","@id":"https:\/\/civiva.eu\/es\/proyectos\/#breadcrumb","itemListElement":[{"@type":"ListItem","position":1,"name":"Inici","item":"https:\/\/civiva.eu\/es\/home\/"},{"@type":"ListItem","position":2,"name":"proyectos"}]},{"@type":"WebSite","@id":"https:\/\/civiva.eu\/es\/#website","url":"https:\/\/civiva.eu\/es\/","name":"Civiva","description":"Urbanisme, espai p\u00fablic i mobilitat sostenible","publisher":{"@id":"https:\/\/civiva.eu\/es\/#organization"},"potentialAction":[{"@type":"SearchAction","target":{"@type":"EntryPoint","urlTemplate":"https:\/\/civiva.eu\/es\/?s={search_term_string}"},"query-input":{"@type":"PropertyValueSpecification","valueRequired":true,"valueName":"search_term_string"}}],"inLanguage":"es"},{"@type":"Organization","@id":"https:\/\/civiva.eu\/es\/#organization","name":"Civiva","url":"https:\/\/civiva.eu\/es\/","logo":{"@type":"ImageObject","inLanguage":"es","@id":"https:\/\/civiva.eu\/es\/#\/schema\/logo\/image\/","url":"https:\/\/civiva.eu\/wp-content\/uploads\/2025\/03\/Mesa-de-trabajo-2-8.png","contentUrl":"https:\/\/civiva.eu\/wp-content\/uploads\/2025\/03\/Mesa-de-trabajo-2-8.png","width":1849,"height":613,"caption":"Civiva"},"image":{"@id":"https:\/\/civiva.eu\/es\/#\/schema\/logo\/image\/"},"sameAs":["https:\/\/www.instagram.com\/civiva.eu\/"]}]}},"_links":{"self":[{"href":"https:\/\/civiva.eu\/es\/wp-json\/wp\/v2\/pages\/273993","targetHints":{"allow":["GET"]}}],"collection":[{"href":"https:\/\/civiva.eu\/es\/wp-json\/wp\/v2\/pages"}],"about":[{"href":"https:\/\/civiva.eu\/es\/wp-json\/wp\/v2\/types\/page"}],"author":[{"embeddable":true,"href":"https:\/\/civiva.eu\/es\/wp-json\/wp\/v2\/users\/1"}],"replies":[{"embeddable":true,"href":"https:\/\/civiva.eu\/es\/wp-json\/wp\/v2\/comments?post=273993"}],"version-history":[{"count":2,"href":"https:\/\/civiva.eu\/es\/wp-json\/wp\/v2\/pages\/273993\/revisions"}],"predecessor-version":[{"id":273995,"href":"https:\/\/civiva.eu\/es\/wp-json\/wp\/v2\/pages\/273993\/revisions\/273995"}],"wp:attachment":[{"href":"https:\/\/civiva.eu\/es\/wp-json\/wp\/v2\/media?parent=273993"}],"curies":[{"name":"wp","href":"https:\/\/api.w.org\/{rel}","templated":true}]}}