{"id":273990,"date":"2025-03-19T15:42:40","date_gmt":"2025-03-19T14:42:40","guid":{"rendered":"https:\/\/civiva.eu\/conocenos\/"},"modified":"2025-05-28T16:52:56","modified_gmt":"2025-05-28T14:52:56","slug":"conocenos","status":"publish","type":"page","link":"https:\/\/civiva.eu\/es\/conocenos\/","title":{"rendered":"Con\u00f3cenos"},"content":{"rendered":"<p>[et_pb_section fb_built=\u00bb1&#8243; _builder_version=\u00bb4.27.4&#8243; _module_preset=\u00bbdefault\u00bb background_enable_image=\u00bboff\u00bb background_size=\u00bbcustom\u00bb background_image_width=\u00bb42%\u00bb background_position=\u00bbbottom_right\u00bb background_horizontal_offset=\u00bb11%\u00bb background_vertical_offset=\u00bb0%\u00bb height_tablet=\u00bb100vh\u00bb height_phone=\u00bb\u00bb height_last_edited=\u00bbon|phone\u00bb custom_padding=\u00bb||||false|false\u00bb hover_enabled=\u00bb0&#8243; background_last_edited=\u00bbon|phone\u00bb background_enable_image_tablet=\u00bboff\u00bb background_enable_image_phone=\u00bboff\u00bb global_colors_info=\u00bb{}\u00bb sticky_enabled=\u00bb0&#8243;][et_pb_row _builder_version=\u00bb4.27.4&#8243; _module_preset=\u00bbdefault\u00bb max_width=\u00bb1300px\u00bb global_colors_info=\u00bb{}\u00bb][et_pb_column type=\u00bb4_4&#8243; _builder_version=\u00bb4.27.4&#8243; _module_preset=\u00bbdefault\u00bb global_colors_info=\u00bb{}\u00bb][et_pb_image src=\u00bbhttps:\/\/civiva.eu\/wp-content\/uploads\/2025\/03\/Mesa-de-trabajo-2-8.png\u00bb title_text=\u00bbMesa de trabajo 2-8&#8243; url=\u00bb@ET-DC@eyJkeW5hbWljIjp0cnVlLCJjb250ZW50IjoiaG9tZV91cmwiLCJzZXR0aW5ncyI6eyJlbmFibGVfaHRtbCI6Im9mZiJ9fQ==@\u00bb _builder_version=\u00bb4.27.4&#8243; _dynamic_attributes=\u00bburl\u00bb _module_preset=\u00bbdefault\u00bb animation_style=\u00bbflip\u00bb animation_direction=\u00bbleft\u00bb global_colors_info=\u00bb{}\u00bb][\/et_pb_image][\/et_pb_column][\/et_pb_row][et_pb_row column_structure=\u00bb1_2,1_2&#8243; use_custom_gutter=\u00bbon\u00bb gutter_width=\u00bb1&#8243; _builder_version=\u00bb4.27.4&#8243; _module_preset=\u00bbdefault\u00bb width=\u00bb85%\u00bb max_width=\u00bb1712px\u00bb custom_padding=\u00bb15px||2px|||\u00bb global_colors_info=\u00bb{}\u00bb][et_pb_column type=\u00bb1_2&#8243; _builder_version=\u00bb4.27.4&#8243; _module_preset=\u00bbdefault\u00bb global_colors_info=\u00bb{}\u00bb][et_pb_text _builder_version=\u00bb4.27.4&#8243; _module_preset=\u00bbdefault\u00bb text_font=\u00bbMontserrat||||||||\u00bb text_text_color=\u00bb#736f72&#8243; text_font_size=\u00bb58px\u00bb text_line_height=\u00bb1em\u00bb header_font=\u00bbMontserrat|600|||||||\u00bb header_text_color=\u00bb#736F72&#8243; header_font_size=\u00bb58px\u00bb header_line_height=\u00bb1.2em\u00bb custom_margin=\u00bb36px||26px||false|false\u00bb animation_style=\u00bbslide\u00bb animation_direction=\u00bbbottom\u00bb text_font_size_tablet=\u00bb58px\u00bb text_font_size_phone=\u00bb53px\u00bb text_font_size_last_edited=\u00bbon|phone\u00bb header_font_size_tablet=\u00bb58px\u00bb header_font_size_phone=\u00bb25px\u00bb header_font_size_last_edited=\u00bbon|phone\u00bb global_colors_info=\u00bb{}\u00bb]<\/p>\n<h1>Mi historia:<br \/>\nel origen de C\u00cdVIVA<\/h1>\n<p>[\/et_pb_text][et_pb_text _builder_version=\u00bb4.27.4&#8243; _module_preset=\u00bbdefault\u00bb text_font=\u00bbMontserrat|300|||||||\u00bb text_text_color=\u00bb#000000&#8243; text_font_size=\u00bb19px\u00bb text_line_height=\u00bb1.3em\u00bb custom_margin=\u00bb|145px|||false|false\u00bb custom_margin_tablet=\u00bb|145px|||false|false\u00bb custom_margin_phone=\u00bb|25px|39px||false|false\u00bb custom_margin_last_edited=\u00bbon|phone\u00bb animation_style=\u00bbslide\u00bb animation_direction=\u00bbbottom\u00bb text_font_size_tablet=\u00bb21px\u00bb text_font_size_phone=\u00bb16px\u00bb text_font_size_last_edited=\u00bbon|phone\u00bb global_colors_info=\u00bb{}\u00bb]<\/p>\n<p>Me llamo Francesc Baquer Font y nac\u00ed en 1991 en La Bisbal d\u2019Empord\u00e0. Mi infancia y adolescencia transcurrieron entre este pueblo y Torroella de Montgr\u00ed, yendo constantemente de uno al otro. Este ir y venir me llev\u00f3 a reflexionar por primera vez sobre la movilidad y la organizaci\u00f3n territorial, especialmente en una regi\u00f3n tan condicionada por la dependencia del coche como es el Empord\u00e0.  <\/p>\n<p>[\/et_pb_text][\/et_pb_column][et_pb_column type=\u00bb1_2&#8243; _builder_version=\u00bb4.27.4&#8243; _module_preset=\u00bbdefault\u00bb global_colors_info=\u00bb{}\u00bb][et_pb_image src=\u00bbhttps:\/\/civiva.eu\/wp-content\/uploads\/2025\/03\/1-Mesa-de-trabajo-2.jpg\u00bb title_text=\u00bb1-Mesa de trabajo 2&#8243; _builder_version=\u00bb4.27.4&#8243; _module_preset=\u00bbdefault\u00bb global_colors_info=\u00bb{}\u00bb][\/et_pb_image][\/et_pb_column][\/et_pb_row][\/et_pb_section][et_pb_section fb_built=\u00bb1&#8243; _builder_version=\u00bb4.27.4&#8243; _module_preset=\u00bbdefault\u00bb custom_padding=\u00bb0px||0px||false|false\u00bb animation_style=\u00bbslide\u00bb animation_direction=\u00bbbottom\u00bb hover_enabled=\u00bb0&#8243; global_colors_info=\u00bb{}\u00bb height_tablet=\u00bb100vh\u00bb height_phone=\u00bb\u00bb height_last_edited=\u00bbon|phone\u00bb sticky_enabled=\u00bb0&#8243;][et_pb_row column_structure=\u00bb1_2,1_2&#8243; use_custom_gutter=\u00bbon\u00bb gutter_width=\u00bb1&#8243; make_equal=\u00bbon\u00bb _builder_version=\u00bb4.27.4&#8243; _module_preset=\u00bbdefault\u00bb width=\u00bb100%\u00bb max_width=\u00bb2560px\u00bb custom_margin=\u00bb0px||||false|false\u00bb custom_padding=\u00bb5px||5px||true|false\u00bb hover_enabled=\u00bb0&#8243; global_colors_info=\u00bb{}\u00bb sticky_enabled=\u00bb0&#8243;][et_pb_column type=\u00bb1_2&#8243; _builder_version=\u00bb4.27.4&#8243; _module_preset=\u00bbdefault\u00bb background_color=\u00bb#FBE395&#8243; custom_padding=\u00bb68px|152px|87px|152px|false|true\u00bb custom_padding_tablet=\u00bb|70px||70px|false|true\u00bb custom_padding_phone=\u00bb|37px||37px|false|true\u00bb custom_padding_last_edited=\u00bbon|desktop\u00bb hover_enabled=\u00bb0&#8243; global_colors_info=\u00bb{}\u00bb sticky_enabled=\u00bb0&#8243;][et_pb_text _builder_version=\u00bb4.27.4&#8243; _module_preset=\u00bbdefault\u00bb text_font=\u00bbMontserrat|300|||||||\u00bb text_text_color=\u00bb#000000&#8243; text_font_size=\u00bb20px\u00bb text_line_height=\u00bb1.5em\u00bb custom_margin=\u00bb||||false|false\u00bb custom_margin_tablet=\u00bb||105px||false|false\u00bb custom_margin_phone=\u00bb-48px||77px||false|false\u00bb custom_margin_last_edited=\u00bbon|phone\u00bb animation_style=\u00bbslide\u00bb animation_direction=\u00bbbottom\u00bb text_font_size_tablet=\u00bb21px\u00bb text_font_size_phone=\u00bb16px\u00bb text_font_size_last_edited=\u00bbon|phone\u00bb global_colors_info=\u00bb{}\u00bb]<\/p>\n<p>Actualmente vivo en la Garrotxa, donde comparto la vida con Laura y Jana. Jana, con su inocencia, nos recuerda cada d\u00eda el verdadero significado de vivir. <\/p>\n<p>Estudi\u00e9 arquitectura en la Universidad de Girona y complet\u00e9 el \u00faltimo curso en la IUAV de Venecia gracias al programa Erasmus. Esta experiencia en Italia fue decisiva para especializarme en urbanismo, espacio p\u00fablico y movilidad sostenible, que desde entonces se han convertido en los pilares de mi recorrido profesional y personal. Fue en Venecia, junto a Laura, donde descubr\u00ed los estudios sobre territorio, paisaje y movilidad, y donde empec\u00e9 a canalizar acad\u00e9micamente todo lo que hab\u00eda aprendido como v\u00edctima de un accidente de tr\u00e1fico.  <\/p>\n<p>Con Laura compart\u00ed el proyecto final de grado, titulado <em>\u201cEl rol de les infraestructures en la reinterpretaci\u00f3 del territori contemporani. El cas de les comarques gironines: de la jerarquia a la isotropia.\u201d<\/em> Este trabajo marc\u00f3 un punto de inflexi\u00f3n acad\u00e9mico y personal, sentando las bases para la creaci\u00f3n de C\u00cdVIVA: un proyecto profesional que combina reflexi\u00f3n y acci\u00f3n para mejorar el territorio y la calidad de vida de las personas.<\/p>\n<p>[\/et_pb_text][\/et_pb_column][et_pb_column type=\u00bb1_2&#8243; _builder_version=\u00bb4.27.4&#8243; _module_preset=\u00bbdefault\u00bb background_color=\u00bb#F0F0F1&#8243; custom_padding=\u00bb88px|152px|88px|152px|true|true\u00bb custom_padding_tablet=\u00bb88px|152px|88px|152px|true|true\u00bb custom_padding_phone=\u00bb|37px||37px|false|true\u00bb custom_padding_last_edited=\u00bbon|desktop\u00bb global_colors_info=\u00bb{}\u00bb][et_pb_image src=\u00bbhttps:\/\/civiva.eu\/wp-content\/uploads\/2025\/03\/francesc-gif-web-ok.gif\u00bb title_text=\u00bbfrancesc-gif-web-ok\u00bb _builder_version=\u00bb4.27.4&#8243; _module_preset=\u00bbdefault\u00bb position_origin_a=\u00bbcenter_center\u00bb width=\u00bb100%\u00bb custom_margin=\u00bb69px|||||\u00bb custom_margin_tablet=\u00bb69px|||||\u00bb custom_margin_phone=\u00bb0px||||false|false\u00bb custom_margin_last_edited=\u00bbon|phone\u00bb global_colors_info=\u00bb{}\u00bb][\/et_pb_image][\/et_pb_column][\/et_pb_row][\/et_pb_section][et_pb_section fb_built=\u00bb1&#8243; _builder_version=\u00bb4.27.4&#8243; _module_preset=\u00bbdefault\u00bb background_image=\u00bbhttps:\/\/civiva.eu\/wp-content\/uploads\/2025\/03\/Mesa-de-trabajo-4.jpg\u00bb background_size=\u00bbinitial\u00bb background_position=\u00bbcenter_right\u00bb custom_padding=\u00bb76px||45px|||\u00bb animation_direction=\u00bbbottom\u00bb background_last_edited=\u00bbon|phone\u00bb background_size_tablet=\u00bbinitial\u00bb background_size_phone=\u00bbcontain\u00bb background_position_tablet=\u00bbbottom_right\u00bb background_position_phone=\u00bbbottom_right\u00bb background_horizontal_offset_tablet=\u00bb-17%\u00bb global_colors_info=\u00bb{}\u00bb height_tablet=\u00bb100vh\u00bb height_phone=\u00bb\u00bb height_last_edited=\u00bbon|phone\u00bb][et_pb_row column_structure=\u00bb3_5,2_5&#8243; use_custom_gutter=\u00bbon\u00bb gutter_width=\u00bb4&#8243; _builder_version=\u00bb4.27.4&#8243; _module_preset=\u00bbdefault\u00bb width=\u00bb85%\u00bb max_width=\u00bb1712px\u00bb custom_margin=\u00bb-30px|auto||auto||\u00bb custom_padding=\u00bb0px||2px|||\u00bb global_colors_info=\u00bb{}\u00bb][et_pb_column type=\u00bb3_5&#8243; _builder_version=\u00bb4.27.4&#8243; _module_preset=\u00bbdefault\u00bb global_colors_info=\u00bb{}\u00bb][et_pb_text _builder_version=\u00bb4.27.4&#8243; _module_preset=\u00bbdefault\u00bb text_font=\u00bbMontserrat|600|||||||\u00bb text_text_color=\u00bb#736f72&#8243; text_font_size=\u00bb48px\u00bb text_line_height=\u00bb1.3em\u00bb header_font=\u00bbMontserrat|600|||||||\u00bb header_text_color=\u00bb#736F72&#8243; header_font_size=\u00bb58px\u00bb header_line_height=\u00bb1.2em\u00bb custom_margin=\u00bb36px||32px||false|false\u00bb text_font_size_tablet=\u00bb30px\u00bb text_font_size_phone=\u00bb25px\u00bb text_font_size_last_edited=\u00bbon|phone\u00bb text_line_height_tablet=\u00bb1.3em\u00bb text_line_height_phone=\u00bb1.3em\u00bb text_line_height_last_edited=\u00bbon|phone\u00bb header_font_size_tablet=\u00bb58px\u00bb header_font_size_phone=\u00bb47px\u00bb header_font_size_last_edited=\u00bbon|phone\u00bb global_colors_info=\u00bb{}\u00bb]Un accidente<br \/>\nque lo cambi\u00f3<br \/>\ntodo[\/et_pb_text][\/et_pb_column][et_pb_column type=\u00bb2_5&#8243; _builder_version=\u00bb4.27.4&#8243; _module_preset=\u00bbdefault\u00bb global_colors_info=\u00bb{}\u00bb][\/et_pb_column][\/et_pb_row][\/et_pb_section][et_pb_section fb_built=\u00bb1&#8243; _builder_version=\u00bb4.27.4&#8243; _module_preset=\u00bbdefault\u00bb custom_padding=\u00bb0px||0px||false|false\u00bb animation_style=\u00bbslide\u00bb animation_direction=\u00bbbottom\u00bb global_colors_info=\u00bb{}\u00bb height_tablet=\u00bb100vh\u00bb height_phone=\u00bb\u00bb height_last_edited=\u00bbon|phone\u00bb][et_pb_row column_structure=\u00bb1_2,1_2&#8243; use_custom_gutter=\u00bbon\u00bb gutter_width=\u00bb1&#8243; make_equal=\u00bbon\u00bb _builder_version=\u00bb4.27.4&#8243; _module_preset=\u00bbdefault\u00bb width=\u00bb100%\u00bb max_width=\u00bb2560px\u00bb custom_margin=\u00bb0px||0px||false|false\u00bb custom_padding=\u00bb0px||0px||true|false\u00bb hover_enabled=\u00bb0&#8243; global_colors_info=\u00bb{}\u00bb sticky_enabled=\u00bb0&#8243;][et_pb_column type=\u00bb1_2&#8243; _builder_version=\u00bb4.27.4&#8243; _module_preset=\u00bbdefault\u00bb background_color=\u00bb#d3e5e5&#8243; custom_padding=\u00bb133px|152px||152px|false|true\u00bb custom_padding_tablet=\u00bb|70px||70px|false|true\u00bb custom_padding_phone=\u00bb|37px||37px|false|true\u00bb custom_padding_last_edited=\u00bbon|desktop\u00bb global_colors_info=\u00bb{}\u00bb][et_pb_text _builder_version=\u00bb4.27.4&#8243; _module_preset=\u00bbdefault\u00bb text_font=\u00bbMontserrat|300|||||||\u00bb text_text_color=\u00bb#000000&#8243; text_font_size=\u00bb19px\u00bb text_line_height=\u00bb1.3em\u00bb custom_margin=\u00bb-48px||64px||false|false\u00bb custom_margin_tablet=\u00bb-48px||||false|false\u00bb custom_margin_phone=\u00bb-48px||77px||false|false\u00bb custom_margin_last_edited=\u00bbon|phone\u00bb animation_style=\u00bbslide\u00bb animation_direction=\u00bbbottom\u00bb text_font_size_tablet=\u00bb21px\u00bb text_font_size_phone=\u00bb16px\u00bb text_font_size_last_edited=\u00bbon|phone\u00bb global_colors_info=\u00bb{}\u00bb]<\/p>\n<p>El lunes 7 de junio de 2004, con tan solo 13 a\u00f1os, mi vida cambi\u00f3 de forma irreversible. Era el lunes previo a los ex\u00e1menes finales de primero de ESO y al esperado inicio de las vacaciones de verano. Aquella tarde, mi madre vino a buscarnos a mis hermanos y a m\u00ed al almac\u00e9n de mi padre, en Gualta, para regresar a casa, en La Bisbal. Nada hac\u00eda prever que, un minuto despu\u00e9s, en la curva del Mas Bah\u00ed, en la carretera GI-643, el coche sufrir\u00eda una aver\u00eda mec\u00e1nica. La direcci\u00f3n se rompi\u00f3, el veh\u00edculo dio varias vueltas de campana y yo sal\u00ed despedido fuera del coche.    <\/p>\n<p>No recuerdo nada de aquellos instantes. Solo lo que me han contado: un bombero y una enfermera que circulaban en moto justo detr\u00e1s de nosotros me atendieron de urgencia con un botiqu\u00edn que, por \u00abcasualidad\u00bb, llevaban consigo. Aunque no conozco su identidad, siempre les estar\u00e9 eternamente agradecido. Una ambulancia medicalizada me traslad\u00f3 al Hospital Josep Trueta de Girona, donde me operaron esa misma tarde y noche. Cuando despert\u00e9, d\u00edas despu\u00e9s, estaba en la UCI.    <\/p>\n<p>Aquel accidente no solo dej\u00f3 cicatrices f\u00edsicas y psicol\u00f3gicas, sino que tambi\u00e9n abri\u00f3 una nueva forma de entender la vida. Fue un periodo largo e intenso, marcado por m\u00faltiples operaciones quir\u00fargicas, rehabilitaci\u00f3n y una constante adaptaci\u00f3n f\u00edsica y emocional. Aprend\u00ed que ser v\u00edctima de un accidente de tr\u00e1fico no solo afecta las lesiones f\u00edsicas, sino tambi\u00e9n las dimensiones psicol\u00f3gicas y emocionales, tanto de la v\u00edctima como de sus familiares y personas cercanas.  <\/p>\n<p>Con el tiempo, empec\u00e9 a entender que las \u00abcasualidades\u00bb que rodearon aquel d\u00eda, en realidad, eran causalidades. Ese episodio plant\u00f3 la semilla de una vocaci\u00f3n que a\u00f1os m\u00e1s tarde cristalizar\u00eda en mi compromiso profesional: trabajar por las personas, creando territorios m\u00e1s seguros, humanos y sostenibles. <\/p>\n<p>[\/et_pb_text][\/et_pb_column][et_pb_column type=\u00bb1_2&#8243; _builder_version=\u00bb4.27.4&#8243; _module_preset=\u00bbdefault\u00bb background_color=\u00bb#F0F0F1&#8243; custom_padding=\u00bb120px|105px|88px|105px|false|true\u00bb custom_padding_tablet=\u00bb88px|152px|88px|152px|true|true\u00bb custom_padding_phone=\u00bb|37px||37px|false|true\u00bb custom_padding_last_edited=\u00bbon|desktop\u00bb global_colors_info=\u00bb{}\u00bb][et_pb_image src=\u00bbhttps:\/\/civiva.eu\/wp-content\/uploads\/2025\/03\/Coneixnos-1.png\u00bb title_text=\u00bbConeixnos 1&#8243; force_fullwidth=\u00bbon\u00bb _builder_version=\u00bb4.27.4&#8243; _module_preset=\u00bbdefault\u00bb position_origin_a=\u00bbcenter_center\u00bb custom_margin=\u00bb69px|||||\u00bb custom_margin_tablet=\u00bb69px|||||\u00bb custom_margin_phone=\u00bb0px||||false|false\u00bb custom_margin_last_edited=\u00bbon|phone\u00bb global_colors_info=\u00bb{}\u00bb][\/et_pb_image][\/et_pb_column][\/et_pb_row][\/et_pb_section][et_pb_section fb_built=\u00bb1&#8243; _builder_version=\u00bb4.27.4&#8243; _module_preset=\u00bbdefault\u00bb custom_padding=\u00bb0px||0px||false|false\u00bb animation_direction=\u00bbbottom\u00bb global_colors_info=\u00bb{}\u00bb height_tablet=\u00bb100vh\u00bb height_phone=\u00bb\u00bb height_last_edited=\u00bbon|phone\u00bb][et_pb_row column_structure=\u00bb1_2,1_2&#8243; use_custom_gutter=\u00bbon\u00bb gutter_width=\u00bb1&#8243; make_equal=\u00bbon\u00bb _builder_version=\u00bb4.27.4&#8243; _module_preset=\u00bbdefault\u00bb width=\u00bb100%\u00bb max_width=\u00bb2560px\u00bb custom_margin=\u00bb0px||0px||false|false\u00bb custom_padding=\u00bb0px||0px||true|false\u00bb global_colors_info=\u00bb{}\u00bb][et_pb_column type=\u00bb1_2&#8243; _builder_version=\u00bb4.27.4&#8243; _module_preset=\u00bbdefault\u00bb background_color=\u00bb#EDE6E1&#8243; custom_padding=\u00bb133px|152px||152px|false|true\u00bb custom_padding_tablet=\u00bb|70px||70px|false|true\u00bb custom_padding_phone=\u00bb|37px||37px|false|true\u00bb custom_padding_last_edited=\u00bbon|desktop\u00bb global_colors_info=\u00bb{}\u00bb][\/et_pb_column][et_pb_column type=\u00bb1_2&#8243; _builder_version=\u00bb4.27.4&#8243; _module_preset=\u00bbdefault\u00bb background_enable_color=\u00bboff\u00bb custom_padding=\u00bb89px|105px|60px|105px|false|true\u00bb custom_padding_tablet=\u00bb88px|152px|88px|152px|true|true\u00bb custom_padding_phone=\u00bb|37px||37px|false|true\u00bb custom_padding_last_edited=\u00bbon|desktop\u00bb global_colors_info=\u00bb{}\u00bb][et_pb_text _builder_version=\u00bb4.27.4&#8243; _module_preset=\u00bbdefault\u00bb text_font=\u00bbMontserrat|600|||||||\u00bb text_text_color=\u00bb#736f72&#8243; text_font_size=\u00bb48px\u00bb text_line_height=\u00bb1.3em\u00bb header_font=\u00bbMontserrat|600|||||||\u00bb header_text_color=\u00bb#736F72&#8243; header_font_size=\u00bb58px\u00bb header_line_height=\u00bb1.2em\u00bb custom_margin=\u00bb-6px||32px||false|false\u00bb text_font_size_tablet=\u00bb30px\u00bb text_font_size_phone=\u00bb25px\u00bb text_font_size_last_edited=\u00bbon|phone\u00bb text_line_height_tablet=\u00bb1.3em\u00bb text_line_height_phone=\u00bb1.3em\u00bb text_line_height_last_edited=\u00bbon|phone\u00bb header_font_size_tablet=\u00bb58px\u00bb header_font_size_phone=\u00bb47px\u00bb header_font_size_last_edited=\u00bbon|phone\u00bb global_colors_info=\u00bb{}\u00bb]<\/p>\n<p>Del accidente<br \/>al territorio<\/p>\n<p>[\/et_pb_text][\/et_pb_column][\/et_pb_row][\/et_pb_section][et_pb_section fb_built=\u00bb1&#8243; _builder_version=\u00bb4.27.4&#8243; _module_preset=\u00bbdefault\u00bb custom_padding=\u00bb0px||0px||false|false\u00bb animation_style=\u00bbslide\u00bb animation_direction=\u00bbbottom\u00bb global_colors_info=\u00bb{}\u00bb height_tablet=\u00bb100vh\u00bb height_phone=\u00bb\u00bb height_last_edited=\u00bbon|phone\u00bb][et_pb_row column_structure=\u00bb1_2,1_2&#8243; use_custom_gutter=\u00bbon\u00bb gutter_width=\u00bb1&#8243; make_equal=\u00bbon\u00bb _builder_version=\u00bb4.27.4&#8243; _module_preset=\u00bbdefault\u00bb width=\u00bb100%\u00bb max_width=\u00bb2560px\u00bb custom_margin=\u00bb0px||0px||false|false\u00bb custom_padding=\u00bb0px||0px||true|false\u00bb global_colors_info=\u00bb{}\u00bb][et_pb_column type=\u00bb1_2&#8243; _builder_version=\u00bb4.27.4&#8243; _module_preset=\u00bbdefault\u00bb background_color=\u00bb#e7e4cb\u00bb custom_padding=\u00bb120px|105px|88px|105px|false|true\u00bb custom_padding_tablet=\u00bb88px|152px|88px|152px|true|true\u00bb custom_padding_phone=\u00bb|37px||37px|false|true\u00bb custom_padding_last_edited=\u00bbon|desktop\u00bb global_colors_info=\u00bb{}\u00bb][et_pb_image src=\u00bbhttps:\/\/civiva.eu\/wp-content\/uploads\/2025\/03\/Coneixnos-2.png\u00bb title_text=\u00bbConeixnos 2&#8243; force_fullwidth=\u00bbon\u00bb _builder_version=\u00bb4.27.4&#8243; _module_preset=\u00bbdefault\u00bb position_origin_a=\u00bbcenter_center\u00bb custom_margin=\u00bb26px|||||\u00bb custom_margin_tablet=\u00bb69px|||||\u00bb custom_margin_phone=\u00bb0px||||false|false\u00bb custom_margin_last_edited=\u00bbon|phone\u00bb custom_padding=\u00bb0px|||||\u00bb global_colors_info=\u00bb{}\u00bb][\/et_pb_image][\/et_pb_column][et_pb_column type=\u00bb1_2&#8243; _builder_version=\u00bb4.27.4&#8243; _module_preset=\u00bbdefault\u00bb background_color=\u00bb#F0F0F1&#8243; custom_padding=\u00bb133px|152px||152px|false|true\u00bb custom_padding_tablet=\u00bb|70px||70px|false|true\u00bb custom_padding_phone=\u00bb|37px||37px|false|true\u00bb custom_padding_last_edited=\u00bbon|desktop\u00bb global_colors_info=\u00bb{}\u00bb][et_pb_text _builder_version=\u00bb4.27.4&#8243; _module_preset=\u00bbdefault\u00bb text_font=\u00bbMontserrat|300|||||||\u00bb text_text_color=\u00bb#000000&#8243; text_font_size=\u00bb19px\u00bb text_line_height=\u00bb1.3em\u00bb custom_margin=\u00bb-48px||77px||false|false\u00bb custom_margin_tablet=\u00bb-48px||||false|false\u00bb custom_margin_phone=\u00bb-48px||77px||false|false\u00bb custom_margin_last_edited=\u00bbon|phone\u00bb animation_style=\u00bbslide\u00bb animation_direction=\u00bbbottom\u00bb text_font_size_tablet=\u00bb21px\u00bb text_font_size_phone=\u00bb16px\u00bb text_font_size_last_edited=\u00bbon|phone\u00bb global_colors_info=\u00bb{}\u00bb]<\/p>\n<p>Hay un detalle cargado de simbolismo que nunca he podido ignorar: el punto exacto donde tuve el accidente, la curva del Mas Bah\u00ed, es el mismo lugar donde, a\u00f1os despu\u00e9s, se propuso el inicio de una nueva carretera que atravesar\u00eda la llanura del Baix Ter.<\/p>\n<p>Cuando vi esa propuesta en el Estudio Informativo de la variante de la C-31, no pude evitar recordar aquel d\u00eda que cambi\u00f3 mi vida. Pero lo m\u00e1s sorprendente fue analizar los datos de tr\u00e1fico que justificaban esa infraestructura y descubrir que carec\u00edan de informaci\u00f3n relevante, lo que hab\u00eda llevado a errores significativos. En contraste, el Plan Estrat\u00e9gico de Movilidad Sostenible de Torroella de Montgr\u00ed i l\u2019Estartit (PEMMS), que hab\u00edamos elaborado dos a\u00f1os antes, ya hab\u00eda demostrado que una nueva carretera en medio de la llanura no solo era innecesaria, sino que tampoco resolv\u00eda los problemas de congesti\u00f3n en el territorio.  <\/p>\n<p>Ese punto no era solo una intersecci\u00f3n f\u00edsica, sino tambi\u00e9n simb\u00f3lica. Era como si el lugar donde mi vida dio un giro inesperado volviera a aparecer para recordarme el prop\u00f3sito de mi trabajo. Aquella carretera no era solo un proyecto fallido; era una met\u00e1fora de un modelo de planificaci\u00f3n que a menudo ignora a las personas y las din\u00e1micas locales.  <\/p>\n<p>Ese v\u00ednculo entre mi accidente y el proyecto me reafirm\u00f3 en mi vocaci\u00f3n: trabajar por un modelo de planificaci\u00f3n territorial m\u00e1s humano, m\u00e1s consciente y m\u00e1s respetuoso con el territorio y su gente. El lugar que un d\u00eda cambi\u00f3 mi vida se convirti\u00f3, a\u00f1os despu\u00e9s, en el punto de partida de una forma diferente de entender el territorio, comprometida con un futuro m\u00e1s sostenible y justo. <\/p>\n<p>[\/et_pb_text][\/et_pb_column][\/et_pb_row][\/et_pb_section][et_pb_section fb_built=\u00bb1&#8243; _builder_version=\u00bb4.27.4&#8243; _module_preset=\u00bbdefault\u00bb custom_padding=\u00bb0px||0px||false|false\u00bb animation_direction=\u00bbbottom\u00bb global_colors_info=\u00bb{}\u00bb height_tablet=\u00bb100vh\u00bb height_phone=\u00bb\u00bb height_last_edited=\u00bbon|phone\u00bb][et_pb_row column_structure=\u00bb1_2,1_2&#8243; use_custom_gutter=\u00bbon\u00bb gutter_width=\u00bb1&#8243; make_equal=\u00bbon\u00bb _builder_version=\u00bb4.27.4&#8243; _module_preset=\u00bbdefault\u00bb width=\u00bb100%\u00bb max_width=\u00bb2560px\u00bb custom_margin=\u00bb0px||0px||false|false\u00bb custom_padding=\u00bb0px||0px||true|false\u00bb global_colors_info=\u00bb{}\u00bb][et_pb_column type=\u00bb1_2&#8243; _builder_version=\u00bb4.27.4&#8243; _module_preset=\u00bbdefault\u00bb background_color=\u00bb#FBE395&#8243; custom_padding=\u00bb89px|105px|60px|105px|false|true\u00bb custom_padding_tablet=\u00bb88px|152px|88px|152px|true|true\u00bb custom_padding_phone=\u00bb|37px||37px|false|true\u00bb custom_padding_last_edited=\u00bbon|desktop\u00bb global_colors_info=\u00bb{}\u00bb][et_pb_text _builder_version=\u00bb4.27.4&#8243; _module_preset=\u00bbdefault\u00bb text_font=\u00bbMontserrat|600|||||||\u00bb text_text_color=\u00bb#736f72&#8243; text_font_size=\u00bb48px\u00bb text_line_height=\u00bb1.3em\u00bb header_font=\u00bbMontserrat|600|||||||\u00bb header_text_color=\u00bb#736F72&#8243; header_font_size=\u00bb58px\u00bb header_line_height=\u00bb1.2em\u00bb custom_margin=\u00bb-6px||32px||false|false\u00bb text_font_size_tablet=\u00bb30px\u00bb text_font_size_phone=\u00bb25px\u00bb text_font_size_last_edited=\u00bbon|phone\u00bb text_line_height_tablet=\u00bb1.3em\u00bb text_line_height_phone=\u00bb1.3em\u00bb text_line_height_last_edited=\u00bbon|phone\u00bb header_font_size_tablet=\u00bb58px\u00bb header_font_size_phone=\u00bb47px\u00bb header_font_size_last_edited=\u00bbon|phone\u00bb global_colors_info=\u00bb{}\u00bb]C\u00cdVIVA<br \/>\nhoy[\/et_pb_text][\/et_pb_column][et_pb_column type=\u00bb1_2&#8243; _builder_version=\u00bb4.27.4&#8243; _module_preset=\u00bbdefault\u00bb background_enable_color=\u00bboff\u00bb custom_padding=\u00bb133px|152px||152px|false|true\u00bb custom_padding_tablet=\u00bb|70px||70px|false|true\u00bb custom_padding_phone=\u00bb|37px||37px|false|true\u00bb custom_padding_last_edited=\u00bbon|desktop\u00bb global_colors_info=\u00bb{}\u00bb][\/et_pb_column][\/et_pb_row][\/et_pb_section][et_pb_section fb_built=\u00bb1&#8243; _builder_version=\u00bb4.27.4&#8243; _module_preset=\u00bbdefault\u00bb custom_padding=\u00bb0px||0px||false|false\u00bb animation_style=\u00bbslide\u00bb animation_direction=\u00bbbottom\u00bb hover_enabled=\u00bb0&#8243; global_colors_info=\u00bb{}\u00bb height_tablet=\u00bb100vh\u00bb height_phone=\u00bb\u00bb height_last_edited=\u00bbon|phone\u00bb sticky_enabled=\u00bb0&#8243;][et_pb_row column_structure=\u00bb1_2,1_2&#8243; use_custom_gutter=\u00bbon\u00bb gutter_width=\u00bb1&#8243; make_equal=\u00bbon\u00bb _builder_version=\u00bb4.27.4&#8243; _module_preset=\u00bbdefault\u00bb width=\u00bb100%\u00bb max_width=\u00bb2560px\u00bb custom_margin=\u00bb0px||0px||false|false\u00bb custom_padding=\u00bb0px||0px||true|false\u00bb hover_enabled=\u00bb0&#8243; global_colors_info=\u00bb{}\u00bb sticky_enabled=\u00bb0&#8243; custom_margin_last_edited=\u00bbon|phone\u00bb custom_margin_phone=\u00bb0px|auto|7px|auto|false|false\u00bb custom_margin_tablet=\u00bb0px||0px||false|false\u00bb][et_pb_column type=\u00bb1_2&#8243; _builder_version=\u00bb4.27.4&#8243; _module_preset=\u00bbdefault\u00bb background_color=\u00bb#e1e8e4&#8243; custom_padding=\u00bb133px|152px||152px|false|true\u00bb custom_padding_tablet=\u00bb|70px||70px|false|true\u00bb custom_padding_phone=\u00bb|37px||37px|false|true\u00bb custom_padding_last_edited=\u00bbon|desktop\u00bb hover_enabled=\u00bb0&#8243; global_colors_info=\u00bb{}\u00bb sticky_enabled=\u00bb0&#8243;][et_pb_text _builder_version=\u00bb4.27.4&#8243; _module_preset=\u00bbdefault\u00bb text_font=\u00bbMontserrat|300|||||||\u00bb text_text_color=\u00bb#000000&#8243; text_font_size=\u00bb19px\u00bb text_line_height=\u00bb1.3em\u00bb custom_margin=\u00bb-48px||||false|false\u00bb custom_margin_tablet=\u00bb-48px||||false|false\u00bb custom_margin_phone=\u00bb-48px||77px||false|false\u00bb custom_margin_last_edited=\u00bbon|phone\u00bb animation_style=\u00bbslide\u00bb animation_direction=\u00bbbottom\u00bb text_font_size_tablet=\u00bb21px\u00bb text_font_size_phone=\u00bb16px\u00bb text_font_size_last_edited=\u00bbon|phone\u00bb global_colors_info=\u00bb{}\u00bb]<\/p>\n<p>Hoy, C\u00cdVIVA es el reflejo de aquel camino iniciado sin querer. Su nombre combina la part\u00edcula \u201cci\u201d, de ciudad (entendida en todas sus formas), con \u201cviva\u201d, un homenaje a la vida en toda su complejidad y riqueza. Porque, al fin y al cabo, cada territorio, cada espacio, solo tiene sentido si es capaz de poner la vida \u2014humana, social y natural\u2014 en el centro.  <\/p>\n<p>C\u00cdVIVA es un espacio t\u00e9cnico, creativo y reflexivo donde trabajamos profesionales especializados en diferentes \u00e1mbitos para transformar territorios, pueblos y ciudades. Cada proyecto es una oportunidad para honrar este compromiso con la vida, conectando con aquella vocaci\u00f3n que naci\u00f3 de una experiencia personal y que ahora est\u00e1 orientada a mejorar la calidad de vida colectiva. <\/p>\n<p>Y todo comenz\u00f3 aquel lunes, 7 de junio de 2004.<\/p>\n<p>[\/et_pb_text][\/et_pb_column][et_pb_column type=\u00bb1_2&#8243; _builder_version=\u00bb4.27.4&#8243; _module_preset=\u00bbdefault\u00bb background_enable_color=\u00bboff\u00bb background_image=\u00bbhttps:\/\/civiva.eu\/wp-content\/uploads\/2025\/03\/Mesa-de-trabajo-1.jpg\u00bb background_size=\u00bbcontain\u00bb background_position=\u00bbtop_left\u00bb custom_padding=\u00bb120px|105px|0px|105px|false|true\u00bb custom_padding_tablet=\u00bb88px|152px|88px|152px|true|true\u00bb custom_padding_phone=\u00bb|37px||37px|false|true\u00bb custom_padding_last_edited=\u00bbon|desktop\u00bb hover_enabled=\u00bb0&#8243; background_last_edited=\u00bbon|phone\u00bb background_position_phone=\u00bbtop_center\u00bb global_colors_info=\u00bb{}\u00bb sticky_enabled=\u00bb0&#8243;][et_pb_image src=\u00bbhttps:\/\/civiva.eu\/wp-content\/uploads\/2025\/03\/Coneixnos-3.png\u00bb title_text=\u00bbConeixnos 3&#8243; force_fullwidth=\u00bbon\u00bb _builder_version=\u00bb4.27.4&#8243; _module_preset=\u00bbdefault\u00bb position_origin_a=\u00bbcenter_center\u00bb custom_margin=\u00bb69px|||||\u00bb custom_margin_tablet=\u00bb69px|||||\u00bb custom_margin_phone=\u00bb-74px||||false|false\u00bb custom_margin_last_edited=\u00bbon|phone\u00bb global_colors_info=\u00bb{}\u00bb][\/et_pb_image][\/et_pb_column][\/et_pb_row][\/et_pb_section]<\/p>\n","protected":false},"excerpt":{"rendered":"<p>Mi historia: el origen de C\u00cdVIVAMe llamo Francesc Baquer Font y nac\u00ed en 1991 en La Bisbal d\u2019Empord\u00e0. Mi infancia y adolescencia transcurrieron entre este pueblo y Torroella de Montgr\u00ed, yendo constantemente de uno al otro. Este ir y venir me llev\u00f3 a reflexionar por primera vez sobre la movilidad y la organizaci\u00f3n territorial, especialmente en una regi\u00f3n tan condicionada por la dependencia del coche como es el Empord\u00e0. Actualmente vivo en la Garrotxa, donde comparto la vida con Laura y Jana. Jana, con su inocencia, nos recuerda cada d\u00eda el verdadero significado de vivir. Estudi\u00e9 arquitectura en la Universidad de Girona y complet\u00e9 el \u00faltimo curso en la IUAV de Venecia gracias al programa Erasmus. Esta experiencia en Italia fue decisiva para especializarme en urbanismo, espacio p\u00fablico y movilidad sostenible, que desde entonces se han convertido en los pilares de mi recorrido profesional y personal. Fue en Venecia, junto a Laura, donde descubr\u00ed los estudios sobre territorio, paisaje y movilidad, y donde empec\u00e9 a canalizar acad\u00e9micamente todo lo que hab\u00eda aprendido como v\u00edctima de un accidente de tr\u00e1fico. Con Laura compart\u00ed el proyecto final de grado, titulado \u201cEl rol de les infraestructures en la reinterpretaci\u00f3 del territori contemporani. El [&hellip;]<\/p>\n","protected":false},"author":1,"featured_media":0,"parent":0,"menu_order":0,"comment_status":"closed","ping_status":"closed","template":"","meta":{"_et_pb_use_builder":"on","_et_pb_old_content":"","_et_gb_content_width":"","footnotes":""},"class_list":["post-273990","page","type-page","status-publish","hentry"],"yoast_head":"<!-- This site is optimized with the Yoast SEO plugin v27.5 - https:\/\/yoast.com\/product\/yoast-seo-wordpress\/ -->\n<title>Con\u00f3cenos - Civiva<\/title>\n<meta name=\"robots\" content=\"index, follow, max-snippet:-1, max-image-preview:large, max-video-preview:-1\" \/>\n<link rel=\"canonical\" href=\"https:\/\/civiva.eu\/es\/conocenos\/\" \/>\n<meta property=\"og:locale\" content=\"es_ES\" \/>\n<meta property=\"og:type\" content=\"article\" \/>\n<meta property=\"og:title\" content=\"Con\u00f3cenos - Civiva\" \/>\n<meta property=\"og:description\" content=\"Mi historia: el origen de C\u00cdVIVAMe llamo Francesc Baquer Font y nac\u00ed en 1991 en La Bisbal d\u2019Empord\u00e0. Mi infancia y adolescencia transcurrieron entre este pueblo y Torroella de Montgr\u00ed, yendo constantemente de uno al otro. Este ir y venir me llev\u00f3 a reflexionar por primera vez sobre la movilidad y la organizaci\u00f3n territorial, especialmente en una regi\u00f3n tan condicionada por la dependencia del coche como es el Empord\u00e0. Actualmente vivo en la Garrotxa, donde comparto la vida con Laura y Jana. Jana, con su inocencia, nos recuerda cada d\u00eda el verdadero significado de vivir. Estudi\u00e9 arquitectura en la Universidad de Girona y complet\u00e9 el \u00faltimo curso en la IUAV de Venecia gracias al programa Erasmus. Esta experiencia en Italia fue decisiva para especializarme en urbanismo, espacio p\u00fablico y movilidad sostenible, que desde entonces se han convertido en los pilares de mi recorrido profesional y personal. Fue en Venecia, junto a Laura, donde descubr\u00ed los estudios sobre territorio, paisaje y movilidad, y donde empec\u00e9 a canalizar acad\u00e9micamente todo lo que hab\u00eda aprendido como v\u00edctima de un accidente de tr\u00e1fico. Con Laura compart\u00ed el proyecto final de grado, titulado \u201cEl rol de les infraestructures en la reinterpretaci\u00f3 del territori contemporani. El [&hellip;]\" \/>\n<meta property=\"og:url\" content=\"https:\/\/civiva.eu\/es\/conocenos\/\" \/>\n<meta property=\"og:site_name\" content=\"Civiva\" \/>\n<meta property=\"article:modified_time\" content=\"2025-05-28T14:52:56+00:00\" \/>\n<meta name=\"twitter:card\" content=\"summary_large_image\" \/>\n<meta name=\"twitter:label1\" content=\"Tiempo de lectura\" \/>\n\t<meta name=\"twitter:data1\" content=\"18 minutos\" \/>\n<script type=\"application\/ld+json\" class=\"yoast-schema-graph\">{\"@context\":\"https:\\\/\\\/schema.org\",\"@graph\":[{\"@type\":\"WebPage\",\"@id\":\"https:\\\/\\\/civiva.eu\\\/es\\\/conocenos\\\/\",\"url\":\"https:\\\/\\\/civiva.eu\\\/es\\\/conocenos\\\/\",\"name\":\"Con\u00f3cenos - Civiva\",\"isPartOf\":{\"@id\":\"https:\\\/\\\/civiva.eu\\\/es\\\/#website\"},\"datePublished\":\"2025-03-19T14:42:40+00:00\",\"dateModified\":\"2025-05-28T14:52:56+00:00\",\"breadcrumb\":{\"@id\":\"https:\\\/\\\/civiva.eu\\\/es\\\/conocenos\\\/#breadcrumb\"},\"inLanguage\":\"es\",\"potentialAction\":[{\"@type\":\"ReadAction\",\"target\":[\"https:\\\/\\\/civiva.eu\\\/es\\\/conocenos\\\/\"]}]},{\"@type\":\"BreadcrumbList\",\"@id\":\"https:\\\/\\\/civiva.eu\\\/es\\\/conocenos\\\/#breadcrumb\",\"itemListElement\":[{\"@type\":\"ListItem\",\"position\":1,\"name\":\"Inici\",\"item\":\"https:\\\/\\\/civiva.eu\\\/es\\\/home\\\/\"},{\"@type\":\"ListItem\",\"position\":2,\"name\":\"Con\u00f3cenos\"}]},{\"@type\":\"WebSite\",\"@id\":\"https:\\\/\\\/civiva.eu\\\/es\\\/#website\",\"url\":\"https:\\\/\\\/civiva.eu\\\/es\\\/\",\"name\":\"Civiva\",\"description\":\"Urbanisme, espai p\u00fablic i mobilitat sostenible\",\"publisher\":{\"@id\":\"https:\\\/\\\/civiva.eu\\\/es\\\/#organization\"},\"potentialAction\":[{\"@type\":\"SearchAction\",\"target\":{\"@type\":\"EntryPoint\",\"urlTemplate\":\"https:\\\/\\\/civiva.eu\\\/es\\\/?s={search_term_string}\"},\"query-input\":{\"@type\":\"PropertyValueSpecification\",\"valueRequired\":true,\"valueName\":\"search_term_string\"}}],\"inLanguage\":\"es\"},{\"@type\":\"Organization\",\"@id\":\"https:\\\/\\\/civiva.eu\\\/es\\\/#organization\",\"name\":\"Civiva\",\"url\":\"https:\\\/\\\/civiva.eu\\\/es\\\/\",\"logo\":{\"@type\":\"ImageObject\",\"inLanguage\":\"es\",\"@id\":\"https:\\\/\\\/civiva.eu\\\/es\\\/#\\\/schema\\\/logo\\\/image\\\/\",\"url\":\"https:\\\/\\\/civiva.eu\\\/wp-content\\\/uploads\\\/2025\\\/03\\\/Mesa-de-trabajo-2-8.png\",\"contentUrl\":\"https:\\\/\\\/civiva.eu\\\/wp-content\\\/uploads\\\/2025\\\/03\\\/Mesa-de-trabajo-2-8.png\",\"width\":1849,\"height\":613,\"caption\":\"Civiva\"},\"image\":{\"@id\":\"https:\\\/\\\/civiva.eu\\\/es\\\/#\\\/schema\\\/logo\\\/image\\\/\"},\"sameAs\":[\"https:\\\/\\\/www.instagram.com\\\/civiva.eu\\\/\"]}]}<\/script>\n<!-- \/ Yoast SEO plugin. -->","yoast_head_json":{"title":"Con\u00f3cenos - Civiva","robots":{"index":"index","follow":"follow","max-snippet":"max-snippet:-1","max-image-preview":"max-image-preview:large","max-video-preview":"max-video-preview:-1"},"canonical":"https:\/\/civiva.eu\/es\/conocenos\/","og_locale":"es_ES","og_type":"article","og_title":"Con\u00f3cenos - Civiva","og_description":"Mi historia: el origen de C\u00cdVIVAMe llamo Francesc Baquer Font y nac\u00ed en 1991 en La Bisbal d\u2019Empord\u00e0. Mi infancia y adolescencia transcurrieron entre este pueblo y Torroella de Montgr\u00ed, yendo constantemente de uno al otro. Este ir y venir me llev\u00f3 a reflexionar por primera vez sobre la movilidad y la organizaci\u00f3n territorial, especialmente en una regi\u00f3n tan condicionada por la dependencia del coche como es el Empord\u00e0. Actualmente vivo en la Garrotxa, donde comparto la vida con Laura y Jana. Jana, con su inocencia, nos recuerda cada d\u00eda el verdadero significado de vivir. Estudi\u00e9 arquitectura en la Universidad de Girona y complet\u00e9 el \u00faltimo curso en la IUAV de Venecia gracias al programa Erasmus. Esta experiencia en Italia fue decisiva para especializarme en urbanismo, espacio p\u00fablico y movilidad sostenible, que desde entonces se han convertido en los pilares de mi recorrido profesional y personal. Fue en Venecia, junto a Laura, donde descubr\u00ed los estudios sobre territorio, paisaje y movilidad, y donde empec\u00e9 a canalizar acad\u00e9micamente todo lo que hab\u00eda aprendido como v\u00edctima de un accidente de tr\u00e1fico. Con Laura compart\u00ed el proyecto final de grado, titulado \u201cEl rol de les infraestructures en la reinterpretaci\u00f3 del territori contemporani. El [&hellip;]","og_url":"https:\/\/civiva.eu\/es\/conocenos\/","og_site_name":"Civiva","article_modified_time":"2025-05-28T14:52:56+00:00","twitter_card":"summary_large_image","twitter_misc":{"Tiempo de lectura":"18 minutos"},"schema":{"@context":"https:\/\/schema.org","@graph":[{"@type":"WebPage","@id":"https:\/\/civiva.eu\/es\/conocenos\/","url":"https:\/\/civiva.eu\/es\/conocenos\/","name":"Con\u00f3cenos - Civiva","isPartOf":{"@id":"https:\/\/civiva.eu\/es\/#website"},"datePublished":"2025-03-19T14:42:40+00:00","dateModified":"2025-05-28T14:52:56+00:00","breadcrumb":{"@id":"https:\/\/civiva.eu\/es\/conocenos\/#breadcrumb"},"inLanguage":"es","potentialAction":[{"@type":"ReadAction","target":["https:\/\/civiva.eu\/es\/conocenos\/"]}]},{"@type":"BreadcrumbList","@id":"https:\/\/civiva.eu\/es\/conocenos\/#breadcrumb","itemListElement":[{"@type":"ListItem","position":1,"name":"Inici","item":"https:\/\/civiva.eu\/es\/home\/"},{"@type":"ListItem","position":2,"name":"Con\u00f3cenos"}]},{"@type":"WebSite","@id":"https:\/\/civiva.eu\/es\/#website","url":"https:\/\/civiva.eu\/es\/","name":"Civiva","description":"Urbanisme, espai p\u00fablic i mobilitat sostenible","publisher":{"@id":"https:\/\/civiva.eu\/es\/#organization"},"potentialAction":[{"@type":"SearchAction","target":{"@type":"EntryPoint","urlTemplate":"https:\/\/civiva.eu\/es\/?s={search_term_string}"},"query-input":{"@type":"PropertyValueSpecification","valueRequired":true,"valueName":"search_term_string"}}],"inLanguage":"es"},{"@type":"Organization","@id":"https:\/\/civiva.eu\/es\/#organization","name":"Civiva","url":"https:\/\/civiva.eu\/es\/","logo":{"@type":"ImageObject","inLanguage":"es","@id":"https:\/\/civiva.eu\/es\/#\/schema\/logo\/image\/","url":"https:\/\/civiva.eu\/wp-content\/uploads\/2025\/03\/Mesa-de-trabajo-2-8.png","contentUrl":"https:\/\/civiva.eu\/wp-content\/uploads\/2025\/03\/Mesa-de-trabajo-2-8.png","width":1849,"height":613,"caption":"Civiva"},"image":{"@id":"https:\/\/civiva.eu\/es\/#\/schema\/logo\/image\/"},"sameAs":["https:\/\/www.instagram.com\/civiva.eu\/"]}]}},"_links":{"self":[{"href":"https:\/\/civiva.eu\/es\/wp-json\/wp\/v2\/pages\/273990","targetHints":{"allow":["GET"]}}],"collection":[{"href":"https:\/\/civiva.eu\/es\/wp-json\/wp\/v2\/pages"}],"about":[{"href":"https:\/\/civiva.eu\/es\/wp-json\/wp\/v2\/types\/page"}],"author":[{"embeddable":true,"href":"https:\/\/civiva.eu\/es\/wp-json\/wp\/v2\/users\/1"}],"replies":[{"embeddable":true,"href":"https:\/\/civiva.eu\/es\/wp-json\/wp\/v2\/comments?post=273990"}],"version-history":[{"count":2,"href":"https:\/\/civiva.eu\/es\/wp-json\/wp\/v2\/pages\/273990\/revisions"}],"predecessor-version":[{"id":273992,"href":"https:\/\/civiva.eu\/es\/wp-json\/wp\/v2\/pages\/273990\/revisions\/273992"}],"wp:attachment":[{"href":"https:\/\/civiva.eu\/es\/wp-json\/wp\/v2\/media?parent=273990"}],"curies":[{"name":"wp","href":"https:\/\/api.w.org\/{rel}","templated":true}]}}